{"id":2946,"date":"2023-02-14T14:56:31","date_gmt":"2023-02-14T17:56:31","guid":{"rendered":"https:\/\/carranzapoetrypaintings.art.br\/?page_id=2946"},"modified":"2023-03-25T12:10:13","modified_gmt":"2023-03-25T15:10:13","slug":"contemplacao","status":"publish","type":"page","link":"https:\/\/carranzapoetrypaintings.art.br\/en\/contemplacao\/","title":{"rendered":"Contemplation"},"content":{"rendered":"<div data-elementor-type=\"wp-page\" data-elementor-id=\"2946\" class=\"elementor elementor-2946\">\n\t\t\t\t\t\t<section class=\"elementor-section elementor-top-section elementor-element elementor-element-c7bf9a0 elementor-section-boxed elementor-section-height-default elementor-section-height-default exad-glass-effect-no wpr-particle-no wpr-jarallax-no wpr-parallax-no wpr-sticky-section-no exad-sticky-section-no\" data-id=\"c7bf9a0\" data-element_type=\"section\" data-e-type=\"section\">\n\t\t\t\t\t\t<div class=\"elementor-container elementor-column-gap-default\">\n\t\t\t\t\t<div class=\"elementor-column elementor-col-100 elementor-top-column elementor-element elementor-element-62d95bd exad-glass-effect-no exad-sticky-section-no\" data-id=\"62d95bd\" data-element_type=\"column\" data-e-type=\"column\">\n\t\t\t<div class=\"elementor-widget-wrap elementor-element-populated\">\n\t\t\t\t\t\t<div class=\"elementor-element elementor-element-13efaf6 exad-sticky-section-no exad-glass-effect-no elementor-widget elementor-widget-heading\" data-id=\"13efaf6\" data-element_type=\"widget\" data-e-type=\"widget\" data-widget_type=\"heading.default\">\n\t\t\t\t<div class=\"elementor-widget-container\">\n\t\t\t\t\t<h2 class=\"elementor-heading-title elementor-size-default\"><b>CONTEMPLATION<\/b><\/h2>\t\t\t\t<\/div>\n\t\t\t\t<\/div>\n\t\t\t\t\t<\/div>\n\t\t<\/div>\n\t\t\t\t\t<\/div>\n\t\t<\/section>\n\t\t\t\t<section class=\"elementor-section elementor-top-section elementor-element elementor-element-4fc9a1aa elementor-section-boxed elementor-section-height-default elementor-section-height-default exad-glass-effect-no wpr-particle-no wpr-jarallax-no wpr-parallax-no wpr-sticky-section-no exad-sticky-section-no\" data-id=\"4fc9a1aa\" data-element_type=\"section\" data-e-type=\"section\">\n\t\t\t\t\t\t<div class=\"elementor-container elementor-column-gap-default\">\n\t\t\t\t\t<div class=\"elementor-column elementor-col-100 elementor-top-column elementor-element elementor-element-b033d5 exad-glass-effect-no exad-sticky-section-no\" data-id=\"b033d5\" data-element_type=\"column\" data-e-type=\"column\">\n\t\t\t<div class=\"elementor-widget-wrap elementor-element-populated\">\n\t\t\t\t\t\t<div class=\"elementor-element elementor-element-5041ab35 exad-sticky-section-no exad-glass-effect-no elementor-widget elementor-widget-text-editor\" data-id=\"5041ab35\" data-element_type=\"widget\" data-e-type=\"widget\" data-widget_type=\"text-editor.default\">\n\t\t\t\t<div class=\"elementor-widget-container\">\n\t\t\t\t\t\t\t\t\t<h2><span style=\"color: var( --e-global-color-text ); font-weight: var( --e-global-typography-text-font-weight ); font-size: 1rem;\"><ul class=\"display-posts-listing\"><li class=\"listing-item\"><div class=\"content\">\n<p><\/p>\n\n\n\n<pre class=\"wp-block-preformatted\">Contemplation XV<\/pre>\n\n\n\n<figure class=\"wp-block-image size-large\"><a href=\"https:\/\/carranzapoetrypaintings.art.br\/wp-content\/uploads\/2024\/08\/2024-PPC-53-Contemplacao-LI-Acrylic-on-Canson-594-x-420-mm-290g-scaled.jpg\"><img fetchpriority=\"high\" decoding=\"async\" width=\"703\" height=\"1024\" src=\"https:\/\/carranzapoetrypaintings.art.br\/wp-content\/uploads\/2024\/08\/2024-PPC-53-Contemplacao-LI-Acrylic-on-Canson-594-x-420-mm-290g-703x1024.jpg\" alt=\"\" class=\"wp-image-4420\" srcset=\"https:\/\/carranzapoetrypaintings.art.br\/wp-content\/uploads\/2024\/08\/2024-PPC-53-Contemplacao-LI-Acrylic-on-Canson-594-x-420-mm-290g-703x1024.jpg 703w, https:\/\/carranzapoetrypaintings.art.br\/wp-content\/uploads\/2024\/08\/2024-PPC-53-Contemplacao-LI-Acrylic-on-Canson-594-x-420-mm-290g-206x300.jpg 206w, https:\/\/carranzapoetrypaintings.art.br\/wp-content\/uploads\/2024\/08\/2024-PPC-53-Contemplacao-LI-Acrylic-on-Canson-594-x-420-mm-290g-768x1118.jpg 768w, https:\/\/carranzapoetrypaintings.art.br\/wp-content\/uploads\/2024\/08\/2024-PPC-53-Contemplacao-LI-Acrylic-on-Canson-594-x-420-mm-290g-1055x1536.jpg 1055w, https:\/\/carranzapoetrypaintings.art.br\/wp-content\/uploads\/2024\/08\/2024-PPC-53-Contemplacao-LI-Acrylic-on-Canson-594-x-420-mm-290g-1407x2048.jpg 1407w, https:\/\/carranzapoetrypaintings.art.br\/wp-content\/uploads\/2024\/08\/2024-PPC-53-Contemplacao-LI-Acrylic-on-Canson-594-x-420-mm-290g-8x12.jpg 8w, https:\/\/carranzapoetrypaintings.art.br\/wp-content\/uploads\/2024\/08\/2024-PPC-53-Contemplacao-LI-Acrylic-on-Canson-594-x-420-mm-290g-scaled.jpg 1758w\" sizes=\"(max-width: 703px) 100vw, 703px\" \/><\/a><\/figure>\n\n\n\n<p><\/p>\n\n\n\n<p class=\"has-text-color\" style=\"color:#9d9d9d\"><strong>Contemplation LI<\/strong><\/p>\n\n\n\n<p class=\"has-text-color\" style=\"color:#9d9d9d\">Year: 2024<\/p>\n\n\n\n<p class=\"has-text-color\" style=\"color:#9d9d9d\">Technique: Acrylic on paper, 290g<\/p>\n\n\n\n<p class=\"has-text-color\" style=\"color:#9d9d9d\">Dimensions: 59.4 x 42.0 cm<\/p>\n\n\n\n<p class=\"has-text-color\" style=\"color:#9d9d9d\"><\/p>\n\n\n\n<div class=\"wp-block-buttons is-layout-flex wp-block-buttons-is-layout-flex\">\n<div class=\"wp-block-button\"><a class=\"wp-block-button__link has-white-color has-text-color has-background\" href=\"https:\/\/carranzapoetrypaintings.art.br\/en\/contato\/\" style=\"background-color:#787878\">PURCHASE<\/a><\/div>\n<\/div>\n\n\n\n<p><\/p>\n<\/div><\/li><li class=\"listing-item\"><div class=\"content\">\n<p><\/p>\n\n\n\n<pre class=\"wp-block-preformatted\">Contemplation XV<\/pre>\n\n\n\n<figure class=\"wp-block-image size-large\"><a href=\"https:\/\/carranzapoetrypaintings.art.br\/wp-content\/uploads\/2024\/08\/2024-PPC-52-Contemplacao-L.-Acrylic-on-Canson-594-x-420-mm-290g-scaled.jpg\"><img decoding=\"async\" width=\"692\" height=\"1024\" src=\"https:\/\/carranzapoetrypaintings.art.br\/wp-content\/uploads\/2024\/08\/2024-PPC-52-Contemplacao-L.-Acrylic-on-Canson-594-x-420-mm-290g-692x1024.jpg\" alt=\"\" class=\"wp-image-4415\" srcset=\"https:\/\/carranzapoetrypaintings.art.br\/wp-content\/uploads\/2024\/08\/2024-PPC-52-Contemplacao-L.-Acrylic-on-Canson-594-x-420-mm-290g-692x1024.jpg 692w, https:\/\/carranzapoetrypaintings.art.br\/wp-content\/uploads\/2024\/08\/2024-PPC-52-Contemplacao-L.-Acrylic-on-Canson-594-x-420-mm-290g-203x300.jpg 203w, https:\/\/carranzapoetrypaintings.art.br\/wp-content\/uploads\/2024\/08\/2024-PPC-52-Contemplacao-L.-Acrylic-on-Canson-594-x-420-mm-290g-768x1137.jpg 768w, https:\/\/carranzapoetrypaintings.art.br\/wp-content\/uploads\/2024\/08\/2024-PPC-52-Contemplacao-L.-Acrylic-on-Canson-594-x-420-mm-290g-1038x1536.jpg 1038w, https:\/\/carranzapoetrypaintings.art.br\/wp-content\/uploads\/2024\/08\/2024-PPC-52-Contemplacao-L.-Acrylic-on-Canson-594-x-420-mm-290g-1383x2048.jpg 1383w, https:\/\/carranzapoetrypaintings.art.br\/wp-content\/uploads\/2024\/08\/2024-PPC-52-Contemplacao-L.-Acrylic-on-Canson-594-x-420-mm-290g-8x12.jpg 8w, https:\/\/carranzapoetrypaintings.art.br\/wp-content\/uploads\/2024\/08\/2024-PPC-52-Contemplacao-L.-Acrylic-on-Canson-594-x-420-mm-290g-scaled.jpg 1729w\" sizes=\"(max-width: 692px) 100vw, 692px\" \/><\/a><\/figure>\n\n\n\n<p><\/p>\n\n\n\n<p class=\"has-text-color\" style=\"color:#9d9d9d\"><strong>Contemplation L<\/strong><\/p>\n\n\n\n<p class=\"has-text-color\" style=\"color:#9d9d9d\">Year: 2024<\/p>\n\n\n\n<p class=\"has-text-color\" style=\"color:#9d9d9d\">Technique: Acrylic on paper, 290g<\/p>\n\n\n\n<p class=\"has-text-color\" style=\"color:#9d9d9d\">Dimensions: 59.4 x 42.0 cm<\/p>\n\n\n\n<p class=\"has-text-color\" style=\"color:#9d9d9d\"><\/p>\n\n\n\n<div class=\"wp-block-buttons is-layout-flex wp-block-buttons-is-layout-flex\">\n<div class=\"wp-block-button\"><a class=\"wp-block-button__link has-white-color has-text-color has-background\" href=\"https:\/\/carranzapoetrypaintings.art.br\/en\/contato\/\" style=\"background-color:#787878\">PURCHASE<\/a><\/div>\n<\/div>\n\n\n\n<p><\/p>\n<\/div><\/li><li class=\"listing-item\"><div class=\"content\">\n<p><\/p>\n\n\n\n<pre class=\"wp-block-preformatted\">Contemplation XV<\/pre>\n\n\n\n<figure class=\"wp-block-image size-large\"><a href=\"https:\/\/carranzapoetrypaintings.art.br\/wp-content\/uploads\/2024\/08\/2024-PPC-51-Contemplacao-XLIX.-Acrylic-on-Canson-594-x-420-mm-290g-1-scaled.jpg\"><img decoding=\"async\" width=\"694\" height=\"1024\" src=\"https:\/\/carranzapoetrypaintings.art.br\/wp-content\/uploads\/2024\/08\/2024-PPC-51-Contemplacao-XLIX.-Acrylic-on-Canson-594-x-420-mm-290g-1-694x1024.jpg\" alt=\"\" class=\"wp-image-4410\" srcset=\"https:\/\/carranzapoetrypaintings.art.br\/wp-content\/uploads\/2024\/08\/2024-PPC-51-Contemplacao-XLIX.-Acrylic-on-Canson-594-x-420-mm-290g-1-694x1024.jpg 694w, https:\/\/carranzapoetrypaintings.art.br\/wp-content\/uploads\/2024\/08\/2024-PPC-51-Contemplacao-XLIX.-Acrylic-on-Canson-594-x-420-mm-290g-1-203x300.jpg 203w, https:\/\/carranzapoetrypaintings.art.br\/wp-content\/uploads\/2024\/08\/2024-PPC-51-Contemplacao-XLIX.-Acrylic-on-Canson-594-x-420-mm-290g-1-768x1133.jpg 768w, https:\/\/carranzapoetrypaintings.art.br\/wp-content\/uploads\/2024\/08\/2024-PPC-51-Contemplacao-XLIX.-Acrylic-on-Canson-594-x-420-mm-290g-1-1041x1536.jpg 1041w, https:\/\/carranzapoetrypaintings.art.br\/wp-content\/uploads\/2024\/08\/2024-PPC-51-Contemplacao-XLIX.-Acrylic-on-Canson-594-x-420-mm-290g-1-1388x2048.jpg 1388w, https:\/\/carranzapoetrypaintings.art.br\/wp-content\/uploads\/2024\/08\/2024-PPC-51-Contemplacao-XLIX.-Acrylic-on-Canson-594-x-420-mm-290g-1-8x12.jpg 8w, https:\/\/carranzapoetrypaintings.art.br\/wp-content\/uploads\/2024\/08\/2024-PPC-51-Contemplacao-XLIX.-Acrylic-on-Canson-594-x-420-mm-290g-1-scaled.jpg 1735w\" sizes=\"(max-width: 694px) 100vw, 694px\" \/><\/a><\/figure>\n\n\n\n<p><\/p>\n\n\n\n<p class=\"has-text-color\" style=\"color:#9d9d9d\"><strong>Contemplation XLIX<\/strong><\/p>\n\n\n\n<p class=\"has-text-color\" style=\"color:#9d9d9d\">Year: 2024<\/p>\n\n\n\n<p class=\"has-text-color\" style=\"color:#9d9d9d\">Technique: Acrylic on paper, 290g<\/p>\n\n\n\n<p class=\"has-text-color\" style=\"color:#9d9d9d\">Dimensions: 59.4 x 42.0 cm<\/p>\n\n\n\n<p class=\"has-text-color\" style=\"color:#9d9d9d\"><\/p>\n\n\n\n<div class=\"wp-block-buttons is-layout-flex wp-block-buttons-is-layout-flex\">\n<div class=\"wp-block-button\"><a class=\"wp-block-button__link has-white-color has-text-color has-background\" href=\"https:\/\/carranzapoetrypaintings.art.br\/en\/contato\/\" style=\"background-color:#787878\">PURCHASE<\/a><\/div>\n<\/div>\n\n\n\n<p><\/p>\n<\/div><\/li><li class=\"listing-item\"><div class=\"content\">\n<p><\/p>\n\n\n\n<pre class=\"wp-block-preformatted\">Contemplation XV<\/pre>\n\n\n\n<figure class=\"wp-block-image size-large\"><a href=\"https:\/\/carranzapoetrypaintings.art.br\/wp-content\/uploads\/2024\/08\/2024-PPC-50-Contemplacao-XLVIII.-Acrylic-on-Canson-594-x-420-mm-290g-scaled.jpg\"><img loading=\"lazy\" decoding=\"async\" width=\"710\" height=\"1024\" src=\"https:\/\/carranzapoetrypaintings.art.br\/wp-content\/uploads\/2024\/08\/2024-PPC-50-Contemplacao-XLVIII.-Acrylic-on-Canson-594-x-420-mm-290g-710x1024.jpg\" alt=\"\" class=\"wp-image-4383\" srcset=\"https:\/\/carranzapoetrypaintings.art.br\/wp-content\/uploads\/2024\/08\/2024-PPC-50-Contemplacao-XLVIII.-Acrylic-on-Canson-594-x-420-mm-290g-710x1024.jpg 710w, https:\/\/carranzapoetrypaintings.art.br\/wp-content\/uploads\/2024\/08\/2024-PPC-50-Contemplacao-XLVIII.-Acrylic-on-Canson-594-x-420-mm-290g-208x300.jpg 208w, https:\/\/carranzapoetrypaintings.art.br\/wp-content\/uploads\/2024\/08\/2024-PPC-50-Contemplacao-XLVIII.-Acrylic-on-Canson-594-x-420-mm-290g-768x1108.jpg 768w, https:\/\/carranzapoetrypaintings.art.br\/wp-content\/uploads\/2024\/08\/2024-PPC-50-Contemplacao-XLVIII.-Acrylic-on-Canson-594-x-420-mm-290g-1065x1536.jpg 1065w, https:\/\/carranzapoetrypaintings.art.br\/wp-content\/uploads\/2024\/08\/2024-PPC-50-Contemplacao-XLVIII.-Acrylic-on-Canson-594-x-420-mm-290g-1419x2048.jpg 1419w, https:\/\/carranzapoetrypaintings.art.br\/wp-content\/uploads\/2024\/08\/2024-PPC-50-Contemplacao-XLVIII.-Acrylic-on-Canson-594-x-420-mm-290g-8x12.jpg 8w, https:\/\/carranzapoetrypaintings.art.br\/wp-content\/uploads\/2024\/08\/2024-PPC-50-Contemplacao-XLVIII.-Acrylic-on-Canson-594-x-420-mm-290g-scaled.jpg 1774w\" sizes=\"auto, (max-width: 710px) 100vw, 710px\" \/><\/a><\/figure>\n\n\n\n<p><\/p>\n\n\n\n<p class=\"has-text-color\" style=\"color:#9d9d9d\"><strong>Contemplation XLVIII<\/strong><\/p>\n\n\n\n<p class=\"has-text-color\" style=\"color:#9d9d9d\">Year: 2024<\/p>\n\n\n\n<p class=\"has-text-color\" style=\"color:#9d9d9d\">Technique: Acrylic on paper, 290g<\/p>\n\n\n\n<p class=\"has-text-color\" style=\"color:#9d9d9d\">Dimensions: 59.4 x 42.0 cm<\/p>\n\n\n\n<p class=\"has-text-color\" style=\"color:#9d9d9d\"><\/p>\n\n\n\n<div class=\"wp-block-buttons is-layout-flex wp-block-buttons-is-layout-flex\">\n<div class=\"wp-block-button\"><a class=\"wp-block-button__link has-white-color has-text-color has-background\" href=\"https:\/\/carranzapoetrypaintings.art.br\/en\/contato\/\" style=\"background-color:#787878\">PURCHASE<\/a><\/div>\n<\/div>\n\n\n\n<p><\/p>\n<\/div><\/li><li class=\"listing-item\"><div class=\"content\">\n<p><\/p>\n\n\n\n<pre class=\"wp-block-preformatted\">Contemplation XV<\/pre>\n\n\n\n<figure class=\"wp-block-image size-large\"><a href=\"https:\/\/carranzapoetrypaintings.art.br\/wp-content\/uploads\/2024\/08\/2024-PPC-49-Contemplacao-XLVII-Acrylic-on-Canson-594-x-420-mm-290g-rotated.jpg\"><img loading=\"lazy\" decoding=\"async\" width=\"712\" height=\"1024\" src=\"https:\/\/carranzapoetrypaintings.art.br\/wp-content\/uploads\/2024\/08\/2024-PPC-49-Contemplacao-XLVII-Acrylic-on-Canson-594-x-420-mm-290g-712x1024.jpg\" alt=\"\" class=\"wp-image-4378\" srcset=\"https:\/\/carranzapoetrypaintings.art.br\/wp-content\/uploads\/2024\/08\/2024-PPC-49-Contemplacao-XLVII-Acrylic-on-Canson-594-x-420-mm-290g-712x1024.jpg 712w, https:\/\/carranzapoetrypaintings.art.br\/wp-content\/uploads\/2024\/08\/2024-PPC-49-Contemplacao-XLVII-Acrylic-on-Canson-594-x-420-mm-290g-209x300.jpg 209w, https:\/\/carranzapoetrypaintings.art.br\/wp-content\/uploads\/2024\/08\/2024-PPC-49-Contemplacao-XLVII-Acrylic-on-Canson-594-x-420-mm-290g-768x1105.jpg 768w, https:\/\/carranzapoetrypaintings.art.br\/wp-content\/uploads\/2024\/08\/2024-PPC-49-Contemplacao-XLVII-Acrylic-on-Canson-594-x-420-mm-290g-1068x1536.jpg 1068w, https:\/\/carranzapoetrypaintings.art.br\/wp-content\/uploads\/2024\/08\/2024-PPC-49-Contemplacao-XLVII-Acrylic-on-Canson-594-x-420-mm-290g-1424x2048.jpg 1424w, https:\/\/carranzapoetrypaintings.art.br\/wp-content\/uploads\/2024\/08\/2024-PPC-49-Contemplacao-XLVII-Acrylic-on-Canson-594-x-420-mm-290g-8x12.jpg 8w, https:\/\/carranzapoetrypaintings.art.br\/wp-content\/uploads\/2024\/08\/2024-PPC-49-Contemplacao-XLVII-Acrylic-on-Canson-594-x-420-mm-290g-rotated.jpg 1672w\" sizes=\"auto, (max-width: 712px) 100vw, 712px\" \/><\/a><\/figure>\n\n\n\n<p><\/p>\n\n\n\n<p class=\"has-text-color\" style=\"color:#9d9d9d\"><strong>Contemplation XVIII<\/strong><\/p>\n\n\n\n<p class=\"has-text-color\" style=\"color:#9d9d9d\">Year: 2024<\/p>\n\n\n\n<p class=\"has-text-color\" style=\"color:#9d9d9d\">Technique: Acrylic on paper, 290g<\/p>\n\n\n\n<p class=\"has-text-color\" style=\"color:#9d9d9d\">Dimensions: 59.4 x 42.0 cm<\/p>\n\n\n\n<p class=\"has-text-color\" style=\"color:#9d9d9d\">Contemplation XLVII<\/p>\n\n\n\n<div class=\"wp-block-buttons is-layout-flex wp-block-buttons-is-layout-flex\">\n<div class=\"wp-block-button\"><a class=\"wp-block-button__link has-white-color has-text-color has-background\" href=\"https:\/\/carranzapoetrypaintings.art.br\/en\/contato\/\" style=\"background-color:#787878\">PURCHASE<\/a><\/div>\n<\/div>\n\n\n\n<p><\/p>\n<\/div><\/li><li class=\"listing-item\"><div class=\"content\">\n<p><\/p>\n\n\n\n<pre class=\"wp-block-preformatted\">Contemplation XV<\/pre>\n\n\n\n<figure class=\"wp-block-image size-large\"><a href=\"https:\/\/carranzapoetrypaintings.art.br\/wp-content\/uploads\/2024\/08\/2024-PPC-48-Contemplacao-XLVII-Acrylic-on-Canson-594-x-420-mm-290g-rotated.jpg\"><img loading=\"lazy\" decoding=\"async\" width=\"707\" height=\"1024\" src=\"https:\/\/carranzapoetrypaintings.art.br\/wp-content\/uploads\/2024\/08\/2024-PPC-48-Contemplacao-XLVII-Acrylic-on-Canson-594-x-420-mm-290g-707x1024.jpg\" alt=\"\" class=\"wp-image-4374\" srcset=\"https:\/\/carranzapoetrypaintings.art.br\/wp-content\/uploads\/2024\/08\/2024-PPC-48-Contemplacao-XLVII-Acrylic-on-Canson-594-x-420-mm-290g-707x1024.jpg 707w, https:\/\/carranzapoetrypaintings.art.br\/wp-content\/uploads\/2024\/08\/2024-PPC-48-Contemplacao-XLVII-Acrylic-on-Canson-594-x-420-mm-290g-207x300.jpg 207w, https:\/\/carranzapoetrypaintings.art.br\/wp-content\/uploads\/2024\/08\/2024-PPC-48-Contemplacao-XLVII-Acrylic-on-Canson-594-x-420-mm-290g-768x1113.jpg 768w, https:\/\/carranzapoetrypaintings.art.br\/wp-content\/uploads\/2024\/08\/2024-PPC-48-Contemplacao-XLVII-Acrylic-on-Canson-594-x-420-mm-290g-1060x1536.jpg 1060w, https:\/\/carranzapoetrypaintings.art.br\/wp-content\/uploads\/2024\/08\/2024-PPC-48-Contemplacao-XLVII-Acrylic-on-Canson-594-x-420-mm-290g-1413x2048.jpg 1413w, https:\/\/carranzapoetrypaintings.art.br\/wp-content\/uploads\/2024\/08\/2024-PPC-48-Contemplacao-XLVII-Acrylic-on-Canson-594-x-420-mm-290g-8x12.jpg 8w, https:\/\/carranzapoetrypaintings.art.br\/wp-content\/uploads\/2024\/08\/2024-PPC-48-Contemplacao-XLVII-Acrylic-on-Canson-594-x-420-mm-290g-rotated.jpg 1724w\" sizes=\"auto, (max-width: 707px) 100vw, 707px\" \/><\/a><\/figure>\n\n\n\n<p><\/p>\n\n\n\n<p class=\"has-text-color\" style=\"color:#9d9d9d\"><strong>Contemplation XLVII<\/strong><\/p>\n\n\n\n<p class=\"has-text-color\" style=\"color:#9d9d9d\">Year: 2024<\/p>\n\n\n\n<p class=\"has-text-color\" style=\"color:#9d9d9d\">Technique: Acrylic on paper, 290g<\/p>\n\n\n\n<p class=\"has-text-color\" style=\"color:#9d9d9d\">Dimensions: 59.4 x 42.0 cm<\/p>\n\n\n\n<div class=\"wp-block-buttons is-layout-flex wp-block-buttons-is-layout-flex\">\n<div class=\"wp-block-button\"><a class=\"wp-block-button__link has-white-color has-text-color has-background\" href=\"https:\/\/carranzapoetrypaintings.art.br\/en\/contato\/\" style=\"background-color:#787878\">PURCHASE<\/a><\/div>\n<\/div>\n\n\n\n<p><\/p>\n<\/div><\/li><li class=\"listing-item\"><div class=\"content\">\n<p><\/p>\n\n\n\n<pre class=\"wp-block-preformatted\">Contemplation XV<\/pre>\n\n\n\n<figure class=\"wp-block-image size-large\"><a href=\"https:\/\/carranzapoetrypaintings.art.br\/wp-content\/uploads\/2024\/08\/2024-PPC-47-Contemplacao-XLV.-Acrylic-on-Canson-594-x-420-mm-290g-scaled.jpg\"><img loading=\"lazy\" decoding=\"async\" width=\"733\" height=\"1024\" src=\"https:\/\/carranzapoetrypaintings.art.br\/wp-content\/uploads\/2024\/08\/2024-PPC-47-Contemplacao-XLV.-Acrylic-on-Canson-594-x-420-mm-290g-733x1024.jpg\" alt=\"\" class=\"wp-image-4366\" srcset=\"https:\/\/carranzapoetrypaintings.art.br\/wp-content\/uploads\/2024\/08\/2024-PPC-47-Contemplacao-XLV.-Acrylic-on-Canson-594-x-420-mm-290g-733x1024.jpg 733w, https:\/\/carranzapoetrypaintings.art.br\/wp-content\/uploads\/2024\/08\/2024-PPC-47-Contemplacao-XLV.-Acrylic-on-Canson-594-x-420-mm-290g-215x300.jpg 215w, https:\/\/carranzapoetrypaintings.art.br\/wp-content\/uploads\/2024\/08\/2024-PPC-47-Contemplacao-XLV.-Acrylic-on-Canson-594-x-420-mm-290g-768x1073.jpg 768w, https:\/\/carranzapoetrypaintings.art.br\/wp-content\/uploads\/2024\/08\/2024-PPC-47-Contemplacao-XLV.-Acrylic-on-Canson-594-x-420-mm-290g-1099x1536.jpg 1099w, https:\/\/carranzapoetrypaintings.art.br\/wp-content\/uploads\/2024\/08\/2024-PPC-47-Contemplacao-XLV.-Acrylic-on-Canson-594-x-420-mm-290g-1466x2048.jpg 1466w, https:\/\/carranzapoetrypaintings.art.br\/wp-content\/uploads\/2024\/08\/2024-PPC-47-Contemplacao-XLV.-Acrylic-on-Canson-594-x-420-mm-290g-9x12.jpg 9w, https:\/\/carranzapoetrypaintings.art.br\/wp-content\/uploads\/2024\/08\/2024-PPC-47-Contemplacao-XLV.-Acrylic-on-Canson-594-x-420-mm-290g-scaled.jpg 1832w\" sizes=\"auto, (max-width: 733px) 100vw, 733px\" \/><\/a><\/figure>\n\n\n\n<p><\/p>\n\n\n\n<p class=\"has-text-color\" style=\"color:#9d9d9d\"><strong>Contemplation XLV<\/strong><\/p>\n\n\n\n<p class=\"has-text-color\" style=\"color:#9d9d9d\">Year: 2024<\/p>\n\n\n\n<p class=\"has-text-color\" style=\"color:#9d9d9d\">Technique: Acrylic on paper, 290g<\/p>\n\n\n\n<p class=\"has-text-color\" style=\"color:#9d9d9d\">Dimensions: 59.4 x 42.0 cm<\/p>\n\n\n\n<div class=\"wp-block-buttons is-layout-flex wp-block-buttons-is-layout-flex\">\n<div class=\"wp-block-button\"><a class=\"wp-block-button__link has-white-color has-text-color has-background\" href=\"https:\/\/carranzapoetrypaintings.art.br\/en\/contato\/\" style=\"background-color:#787878\">PURCHASE<\/a><\/div>\n<\/div>\n\n\n\n<p><\/p>\n<\/div><\/li><li class=\"listing-item\"><div class=\"content\">\n<p><\/p>\n\n\n\n<figure class=\"wp-block-image size-large\"><a href=\"https:\/\/carranzapoetrypaintings.art.br\/wp-content\/uploads\/2023\/10\/2023-PPC-28-Contemplacao-XLVI.-mixed-media-on-Canson-29.7-x-21.0-cm-300g.-scaled.jpg\"><img loading=\"lazy\" decoding=\"async\" width=\"716\" height=\"1024\" src=\"https:\/\/carranzapoetrypaintings.art.br\/wp-content\/uploads\/2023\/10\/2023-PPC-28-Contemplacao-XLVI.-mixed-media-on-Canson-29.7-x-21.0-cm-300g.-716x1024.jpg\" alt=\"\" class=\"wp-image-4258\" srcset=\"https:\/\/carranzapoetrypaintings.art.br\/wp-content\/uploads\/2023\/10\/2023-PPC-28-Contemplacao-XLVI.-mixed-media-on-Canson-29.7-x-21.0-cm-300g.-716x1024.jpg 716w, https:\/\/carranzapoetrypaintings.art.br\/wp-content\/uploads\/2023\/10\/2023-PPC-28-Contemplacao-XLVI.-mixed-media-on-Canson-29.7-x-21.0-cm-300g.-210x300.jpg 210w, https:\/\/carranzapoetrypaintings.art.br\/wp-content\/uploads\/2023\/10\/2023-PPC-28-Contemplacao-XLVI.-mixed-media-on-Canson-29.7-x-21.0-cm-300g.-768x1099.jpg 768w, https:\/\/carranzapoetrypaintings.art.br\/wp-content\/uploads\/2023\/10\/2023-PPC-28-Contemplacao-XLVI.-mixed-media-on-Canson-29.7-x-21.0-cm-300g.-1073x1536.jpg 1073w, https:\/\/carranzapoetrypaintings.art.br\/wp-content\/uploads\/2023\/10\/2023-PPC-28-Contemplacao-XLVI.-mixed-media-on-Canson-29.7-x-21.0-cm-300g.-1431x2048.jpg 1431w, https:\/\/carranzapoetrypaintings.art.br\/wp-content\/uploads\/2023\/10\/2023-PPC-28-Contemplacao-XLVI.-mixed-media-on-Canson-29.7-x-21.0-cm-300g.-8x12.jpg 8w, https:\/\/carranzapoetrypaintings.art.br\/wp-content\/uploads\/2023\/10\/2023-PPC-28-Contemplacao-XLVI.-mixed-media-on-Canson-29.7-x-21.0-cm-300g.-scaled.jpg 1789w\" sizes=\"auto, (max-width: 716px) 100vw, 716px\" \/><\/a><\/figure>\n\n\n\n<p class=\"has-black-color has-text-color\"><strong>Contemplation XLIV<\/strong><\/p>\n\n\n\n<p><\/p>\n\n\n\n<p class=\"has-text-color\" style=\"color:#9d9d9d\">Year: 2023<\/p>\n\n\n\n<p class=\"has-text-color\" style=\"color:#9d9d9d\">Technique: Mixed media on paper, 300g<\/p>\n\n\n\n<p class=\"has-text-color\" style=\"color:#9d9d9d\">Dimensions: 29.7 x 21.0 cm<\/p>\n\n\n\n<div class=\"wp-block-buttons is-layout-flex wp-block-buttons-is-layout-flex\">\n<div class=\"wp-block-button\"><a class=\"wp-block-button__link has-white-color has-text-color has-background\" href=\"https:\/\/carranzapoetrypaintings.art.br\/en\/contato\/\" style=\"background-color:#787878\">PURCHASE<\/a><\/div>\n<\/div>\n\n\n\n<p><\/p>\n<\/div><\/li><li class=\"listing-item\"><div class=\"content\">\n<p><\/p>\n\n\n\n<figure class=\"wp-block-image size-large is-resized\"><a href=\"https:\/\/carranzapoetrypaintings.art.br\/wp-content\/uploads\/2023\/10\/2023-PPC-27-Contemplacao-XLIII.-mixed-media-on-Canson-29.7-x-21.0-cm-300g.-scaled.jpg\"><img decoding=\"async\" src=\"https:\/\/carranzapoetrypaintings.art.br\/wp-content\/uploads\/2023\/10\/2023-PPC-27-Contemplacao-XLIII.-mixed-media-on-Canson-29.7-x-21.0-cm-300g.-732x1024.jpg\" alt=\"\" class=\"wp-image-4255\" width=\"643\" srcset=\"https:\/\/carranzapoetrypaintings.art.br\/wp-content\/uploads\/2023\/10\/2023-PPC-27-Contemplacao-XLIII.-mixed-media-on-Canson-29.7-x-21.0-cm-300g.-732x1024.jpg 732w, https:\/\/carranzapoetrypaintings.art.br\/wp-content\/uploads\/2023\/10\/2023-PPC-27-Contemplacao-XLIII.-mixed-media-on-Canson-29.7-x-21.0-cm-300g.-214x300.jpg 214w, https:\/\/carranzapoetrypaintings.art.br\/wp-content\/uploads\/2023\/10\/2023-PPC-27-Contemplacao-XLIII.-mixed-media-on-Canson-29.7-x-21.0-cm-300g.-768x1075.jpg 768w, https:\/\/carranzapoetrypaintings.art.br\/wp-content\/uploads\/2023\/10\/2023-PPC-27-Contemplacao-XLIII.-mixed-media-on-Canson-29.7-x-21.0-cm-300g.-1097x1536.jpg 1097w, https:\/\/carranzapoetrypaintings.art.br\/wp-content\/uploads\/2023\/10\/2023-PPC-27-Contemplacao-XLIII.-mixed-media-on-Canson-29.7-x-21.0-cm-300g.-1463x2048.jpg 1463w, https:\/\/carranzapoetrypaintings.art.br\/wp-content\/uploads\/2023\/10\/2023-PPC-27-Contemplacao-XLIII.-mixed-media-on-Canson-29.7-x-21.0-cm-300g.-9x12.jpg 9w, https:\/\/carranzapoetrypaintings.art.br\/wp-content\/uploads\/2023\/10\/2023-PPC-27-Contemplacao-XLIII.-mixed-media-on-Canson-29.7-x-21.0-cm-300g.-scaled.jpg 1829w\" sizes=\"(max-width: 732px) 100vw, 732px\" \/><\/a><\/figure>\n\n\n\n<p class=\"has-black-color has-text-color\"><strong>Contemplation XLIII<\/strong><\/p>\n\n\n\n<p><\/p>\n\n\n\n<p class=\"has-text-color\" style=\"color:#9d9d9d\">Year: 2023<\/p>\n\n\n\n<p class=\"has-text-color\" style=\"color:#9d9d9d\">Technique: Mixed media on paper, 300g<\/p>\n\n\n\n<p class=\"has-text-color\" style=\"color:#9d9d9d\">Dimensions: 29.7 x 21.0 cm<\/p>\n\n\n\n<div class=\"wp-block-buttons is-layout-flex wp-block-buttons-is-layout-flex\">\n<div class=\"wp-block-button\"><a class=\"wp-block-button__link has-white-color has-text-color has-background\" href=\"https:\/\/carranzapoetrypaintings.art.br\/en\/contato\/\" style=\"background-color:#787878\">PURCHASE<\/a><\/div>\n<\/div>\n\n\n\n<p><\/p>\n<\/div><\/li><li class=\"listing-item\"><div class=\"content\">\n<p><\/p>\n\n\n\n<figure class=\"wp-block-image size-large is-resized\"><a href=\"https:\/\/carranzapoetrypaintings.art.br\/wp-content\/uploads\/2023\/10\/2023-PPC-26-Contemplacao-XLII.-mixed-media-on-Canson-29.7-x-21.0-cm-300g.-scaled.jpg\"><img decoding=\"async\" src=\"https:\/\/carranzapoetrypaintings.art.br\/wp-content\/uploads\/2023\/10\/2023-PPC-26-Contemplacao-XLII.-mixed-media-on-Canson-29.7-x-21.0-cm-300g.-735x1024.jpg\" alt=\"\" class=\"wp-image-4252\" width=\"643\" srcset=\"https:\/\/carranzapoetrypaintings.art.br\/wp-content\/uploads\/2023\/10\/2023-PPC-26-Contemplacao-XLII.-mixed-media-on-Canson-29.7-x-21.0-cm-300g.-735x1024.jpg 735w, https:\/\/carranzapoetrypaintings.art.br\/wp-content\/uploads\/2023\/10\/2023-PPC-26-Contemplacao-XLII.-mixed-media-on-Canson-29.7-x-21.0-cm-300g.-215x300.jpg 215w, https:\/\/carranzapoetrypaintings.art.br\/wp-content\/uploads\/2023\/10\/2023-PPC-26-Contemplacao-XLII.-mixed-media-on-Canson-29.7-x-21.0-cm-300g.-768x1069.jpg 768w, https:\/\/carranzapoetrypaintings.art.br\/wp-content\/uploads\/2023\/10\/2023-PPC-26-Contemplacao-XLII.-mixed-media-on-Canson-29.7-x-21.0-cm-300g.-1103x1536.jpg 1103w, https:\/\/carranzapoetrypaintings.art.br\/wp-content\/uploads\/2023\/10\/2023-PPC-26-Contemplacao-XLII.-mixed-media-on-Canson-29.7-x-21.0-cm-300g.-1471x2048.jpg 1471w, https:\/\/carranzapoetrypaintings.art.br\/wp-content\/uploads\/2023\/10\/2023-PPC-26-Contemplacao-XLII.-mixed-media-on-Canson-29.7-x-21.0-cm-300g.-9x12.jpg 9w, https:\/\/carranzapoetrypaintings.art.br\/wp-content\/uploads\/2023\/10\/2023-PPC-26-Contemplacao-XLII.-mixed-media-on-Canson-29.7-x-21.0-cm-300g.-scaled.jpg 1839w\" sizes=\"(max-width: 735px) 100vw, 735px\" \/><\/a><\/figure>\n\n\n\n<p class=\"has-black-color has-text-color\"><strong>Contemplation XLII<\/strong><\/p>\n\n\n\n<p><\/p>\n\n\n\n<p class=\"has-text-color\" style=\"color:#9d9d9d\">Year: 2023<\/p>\n\n\n\n<p class=\"has-text-color\" style=\"color:#9d9d9d\">Technique: Mixed media on paper, 300g<\/p>\n\n\n\n<p class=\"has-text-color\" style=\"color:#9d9d9d\">Dimensions: 29.7 x 21.0 cm<\/p>\n\n\n\n<div class=\"wp-block-buttons is-layout-flex wp-block-buttons-is-layout-flex\">\n<div class=\"wp-block-button\"><a class=\"wp-block-button__link has-white-color has-text-color has-background\" href=\"https:\/\/carranzapoetrypaintings.art.br\/en\/contato\/\" style=\"background-color:#787878\">PURCHASE<\/a><\/div>\n<\/div>\n\n\n\n<p><\/p>\n<\/div><\/li><li class=\"listing-item\"><div class=\"content\">\n<p><\/p>\n\n\n\n<figure class=\"wp-block-image size-large\"><a href=\"https:\/\/carranzapoetrypaintings.art.br\/wp-content\/uploads\/2023\/09\/2023-PPC-25-Contemplacao-XLI.-mixed-media-on-Canson-59.4-x-42.0-cm-300g-scaled.jpg\"><img loading=\"lazy\" decoding=\"async\" width=\"709\" height=\"1024\" src=\"https:\/\/carranzapoetrypaintings.art.br\/wp-content\/uploads\/2023\/09\/2023-PPC-25-Contemplacao-XLI.-mixed-media-on-Canson-59.4-x-42.0-cm-300g-709x1024.jpg\" alt=\"\" class=\"wp-image-4227\" srcset=\"https:\/\/carranzapoetrypaintings.art.br\/wp-content\/uploads\/2023\/09\/2023-PPC-25-Contemplacao-XLI.-mixed-media-on-Canson-59.4-x-42.0-cm-300g-709x1024.jpg 709w, https:\/\/carranzapoetrypaintings.art.br\/wp-content\/uploads\/2023\/09\/2023-PPC-25-Contemplacao-XLI.-mixed-media-on-Canson-59.4-x-42.0-cm-300g-208x300.jpg 208w, https:\/\/carranzapoetrypaintings.art.br\/wp-content\/uploads\/2023\/09\/2023-PPC-25-Contemplacao-XLI.-mixed-media-on-Canson-59.4-x-42.0-cm-300g-768x1110.jpg 768w, https:\/\/carranzapoetrypaintings.art.br\/wp-content\/uploads\/2023\/09\/2023-PPC-25-Contemplacao-XLI.-mixed-media-on-Canson-59.4-x-42.0-cm-300g-1063x1536.jpg 1063w, https:\/\/carranzapoetrypaintings.art.br\/wp-content\/uploads\/2023\/09\/2023-PPC-25-Contemplacao-XLI.-mixed-media-on-Canson-59.4-x-42.0-cm-300g-1417x2048.jpg 1417w, https:\/\/carranzapoetrypaintings.art.br\/wp-content\/uploads\/2023\/09\/2023-PPC-25-Contemplacao-XLI.-mixed-media-on-Canson-59.4-x-42.0-cm-300g-8x12.jpg 8w, https:\/\/carranzapoetrypaintings.art.br\/wp-content\/uploads\/2023\/09\/2023-PPC-25-Contemplacao-XLI.-mixed-media-on-Canson-59.4-x-42.0-cm-300g-scaled.jpg 1772w\" sizes=\"auto, (max-width: 709px) 100vw, 709px\" \/><\/a><\/figure>\n\n\n\n<p class=\"has-black-color has-text-color\"><strong>Contemplation XLI<\/strong><\/p>\n\n\n\n<p><\/p>\n\n\n\n<p class=\"has-text-color\" style=\"color:#9d9d9d\">Year: 2023<\/p>\n\n\n\n<p class=\"has-text-color\" style=\"color:#9d9d9d\">Technique: Mixed media on paper, 300g<\/p>\n\n\n\n<p class=\"has-text-color\" style=\"color:#9d9d9d\">Dimensions: 59.4 x 42 cm<\/p>\n\n\n\n<div class=\"wp-block-buttons is-layout-flex wp-block-buttons-is-layout-flex\">\n<div class=\"wp-block-button\"><a class=\"wp-block-button__link has-white-color has-text-color has-background\" href=\"https:\/\/carranzapoetrypaintings.art.br\/en\/contato\/\" style=\"background-color:#787878\">PURCHASE<\/a><\/div>\n<\/div>\n\n\n\n<p><\/p>\n<\/div><\/li><li class=\"listing-item\"><div class=\"content\">\n<p><\/p>\n\n\n\n<figure class=\"wp-block-image size-large\"><a href=\"https:\/\/carranzapoetrypaintings.art.br\/wp-content\/uploads\/2023\/09\/2023-PPC-24-Contemplacao-XL.-mixed-media-on-Canson-59.4-x-42.0-cm-300g-scaled.jpg\"><img loading=\"lazy\" decoding=\"async\" width=\"725\" height=\"1024\" src=\"https:\/\/carranzapoetrypaintings.art.br\/wp-content\/uploads\/2023\/09\/2023-PPC-24-Contemplacao-XL.-mixed-media-on-Canson-59.4-x-42.0-cm-300g-725x1024.jpg\" alt=\"\" class=\"wp-image-4224\" srcset=\"https:\/\/carranzapoetrypaintings.art.br\/wp-content\/uploads\/2023\/09\/2023-PPC-24-Contemplacao-XL.-mixed-media-on-Canson-59.4-x-42.0-cm-300g-725x1024.jpg 725w, https:\/\/carranzapoetrypaintings.art.br\/wp-content\/uploads\/2023\/09\/2023-PPC-24-Contemplacao-XL.-mixed-media-on-Canson-59.4-x-42.0-cm-300g-212x300.jpg 212w, https:\/\/carranzapoetrypaintings.art.br\/wp-content\/uploads\/2023\/09\/2023-PPC-24-Contemplacao-XL.-mixed-media-on-Canson-59.4-x-42.0-cm-300g-768x1085.jpg 768w, https:\/\/carranzapoetrypaintings.art.br\/wp-content\/uploads\/2023\/09\/2023-PPC-24-Contemplacao-XL.-mixed-media-on-Canson-59.4-x-42.0-cm-300g-1087x1536.jpg 1087w, https:\/\/carranzapoetrypaintings.art.br\/wp-content\/uploads\/2023\/09\/2023-PPC-24-Contemplacao-XL.-mixed-media-on-Canson-59.4-x-42.0-cm-300g-1450x2048.jpg 1450w, https:\/\/carranzapoetrypaintings.art.br\/wp-content\/uploads\/2023\/09\/2023-PPC-24-Contemplacao-XL.-mixed-media-on-Canson-59.4-x-42.0-cm-300g-8x12.jpg 8w, https:\/\/carranzapoetrypaintings.art.br\/wp-content\/uploads\/2023\/09\/2023-PPC-24-Contemplacao-XL.-mixed-media-on-Canson-59.4-x-42.0-cm-300g-scaled.jpg 1812w\" sizes=\"auto, (max-width: 725px) 100vw, 725px\" \/><\/a><\/figure>\n\n\n\n<p class=\"has-black-color has-text-color\"><strong>Contemplation XL<\/strong><\/p>\n\n\n\n<p><\/p>\n\n\n\n<p class=\"has-text-color\" style=\"color:#9d9d9d\">Year: 2023<\/p>\n\n\n\n<p class=\"has-text-color\" style=\"color:#9d9d9d\">Technique: Mixed media on paper, 300g<\/p>\n\n\n\n<p class=\"has-text-color\" style=\"color:#9d9d9d\">Dimensions: 59.4 x 42 cm<\/p>\n\n\n\n<div class=\"wp-block-buttons is-layout-flex wp-block-buttons-is-layout-flex\">\n<div class=\"wp-block-button\"><a class=\"wp-block-button__link has-white-color has-text-color has-background\" href=\"https:\/\/carranzapoetrypaintings.art.br\/en\/contato\/\" style=\"background-color:#787878\">PURCHASE<\/a><\/div>\n<\/div>\n\n\n\n<p><\/p>\n<\/div><\/li><li class=\"listing-item\"><div class=\"content\">\n<p><\/p>\n\n\n\n<figure class=\"wp-block-image size-large\"><a href=\"https:\/\/carranzapoetrypaintings.art.br\/wp-content\/uploads\/2023\/09\/2023-PPC-23-Contemplacao-XXXIX.-mixed-media-on-Canson-59.4-x-42.0-cm-300g.jpg\"><img loading=\"lazy\" decoding=\"async\" width=\"1024\" height=\"692\" src=\"https:\/\/carranzapoetrypaintings.art.br\/wp-content\/uploads\/2023\/09\/2023-PPC-23-Contemplacao-XXXIX.-mixed-media-on-Canson-59.4-x-42.0-cm-300g-1024x692.jpg\" alt=\"\" class=\"wp-image-4220\" srcset=\"https:\/\/carranzapoetrypaintings.art.br\/wp-content\/uploads\/2023\/09\/2023-PPC-23-Contemplacao-XXXIX.-mixed-media-on-Canson-59.4-x-42.0-cm-300g-1024x692.jpg 1024w, https:\/\/carranzapoetrypaintings.art.br\/wp-content\/uploads\/2023\/09\/2023-PPC-23-Contemplacao-XXXIX.-mixed-media-on-Canson-59.4-x-42.0-cm-300g-300x203.jpg 300w, https:\/\/carranzapoetrypaintings.art.br\/wp-content\/uploads\/2023\/09\/2023-PPC-23-Contemplacao-XXXIX.-mixed-media-on-Canson-59.4-x-42.0-cm-300g-768x519.jpg 768w, https:\/\/carranzapoetrypaintings.art.br\/wp-content\/uploads\/2023\/09\/2023-PPC-23-Contemplacao-XXXIX.-mixed-media-on-Canson-59.4-x-42.0-cm-300g-1536x1038.jpg 1536w, https:\/\/carranzapoetrypaintings.art.br\/wp-content\/uploads\/2023\/09\/2023-PPC-23-Contemplacao-XXXIX.-mixed-media-on-Canson-59.4-x-42.0-cm-300g-2048x1385.jpg 2048w, https:\/\/carranzapoetrypaintings.art.br\/wp-content\/uploads\/2023\/09\/2023-PPC-23-Contemplacao-XXXIX.-mixed-media-on-Canson-59.4-x-42.0-cm-300g-18x12.jpg 18w\" sizes=\"auto, (max-width: 1024px) 100vw, 1024px\" \/><\/a><\/figure>\n\n\n\n<p class=\"has-black-color has-text-color\"><strong>Contemplation XXXIX<\/strong><\/p>\n\n\n\n<p><\/p>\n\n\n\n<p class=\"has-text-color\" style=\"color:#9d9d9d\">Year: 2023<\/p>\n\n\n\n<p class=\"has-text-color\" style=\"color:#9d9d9d\">Technique: Mixed media on paper, 300g<\/p>\n\n\n\n<p class=\"has-text-color\" style=\"color:#9d9d9d\">Dimensions: 42 x 59.4 cm<\/p>\n\n\n\n<div class=\"wp-block-buttons is-layout-flex wp-block-buttons-is-layout-flex\">\n<div class=\"wp-block-button\"><a class=\"wp-block-button__link has-white-color has-text-color has-background\" href=\"https:\/\/carranzapoetrypaintings.art.br\/en\/contato\/\" style=\"background-color:#787878\">PURCHASE<\/a><\/div>\n<\/div>\n\n\n\n<p><\/p>\n<\/div><\/li><li class=\"listing-item\"><div class=\"content\">\n<p><\/p>\n\n\n\n<figure class=\"wp-block-image size-large\"><a href=\"https:\/\/carranzapoetrypaintings.art.br\/wp-content\/uploads\/2023\/09\/2023-PPC-22-Contemplacao-XXXVIII.-mixed-media-on-Canson-59.4-x-42.0-cm-300g.jpg\"><img loading=\"lazy\" decoding=\"async\" width=\"711\" height=\"1024\" src=\"https:\/\/carranzapoetrypaintings.art.br\/wp-content\/uploads\/2023\/09\/2023-PPC-22-Contemplacao-XXXVIII.-mixed-media-on-Canson-59.4-x-42.0-cm-300g-711x1024.jpg\" alt=\"\" class=\"wp-image-4217\" srcset=\"https:\/\/carranzapoetrypaintings.art.br\/wp-content\/uploads\/2023\/09\/2023-PPC-22-Contemplacao-XXXVIII.-mixed-media-on-Canson-59.4-x-42.0-cm-300g-711x1024.jpg 711w, https:\/\/carranzapoetrypaintings.art.br\/wp-content\/uploads\/2023\/09\/2023-PPC-22-Contemplacao-XXXVIII.-mixed-media-on-Canson-59.4-x-42.0-cm-300g-208x300.jpg 208w, https:\/\/carranzapoetrypaintings.art.br\/wp-content\/uploads\/2023\/09\/2023-PPC-22-Contemplacao-XXXVIII.-mixed-media-on-Canson-59.4-x-42.0-cm-300g-768x1105.jpg 768w, https:\/\/carranzapoetrypaintings.art.br\/wp-content\/uploads\/2023\/09\/2023-PPC-22-Contemplacao-XXXVIII.-mixed-media-on-Canson-59.4-x-42.0-cm-300g-1067x1536.jpg 1067w, https:\/\/carranzapoetrypaintings.art.br\/wp-content\/uploads\/2023\/09\/2023-PPC-22-Contemplacao-XXXVIII.-mixed-media-on-Canson-59.4-x-42.0-cm-300g-1423x2048.jpg 1423w, https:\/\/carranzapoetrypaintings.art.br\/wp-content\/uploads\/2023\/09\/2023-PPC-22-Contemplacao-XXXVIII.-mixed-media-on-Canson-59.4-x-42.0-cm-300g-8x12.jpg 8w, https:\/\/carranzapoetrypaintings.art.br\/wp-content\/uploads\/2023\/09\/2023-PPC-22-Contemplacao-XXXVIII.-mixed-media-on-Canson-59.4-x-42.0-cm-300g.jpg 1744w\" sizes=\"auto, (max-width: 711px) 100vw, 711px\" \/><\/a><\/figure>\n\n\n\n<p class=\"has-black-color has-text-color\"><strong>Contemplation XXXVIII<\/strong><\/p>\n\n\n\n<p><\/p>\n\n\n\n<p class=\"has-text-color\" style=\"color:#9d9d9d\">Year: 2023<\/p>\n\n\n\n<p class=\"has-text-color\" style=\"color:#9d9d9d\">Technique: Mixed media on paper, 300g<\/p>\n\n\n\n<p class=\"has-text-color\" style=\"color:#9d9d9d\">Dimensions: 59.4 x 42 cm<\/p>\n\n\n\n<div class=\"wp-block-buttons is-layout-flex wp-block-buttons-is-layout-flex\">\n<div class=\"wp-block-button\"><a class=\"wp-block-button__link has-white-color has-text-color has-background\" href=\"https:\/\/carranzapoetrypaintings.art.br\/en\/contato\/\" style=\"background-color:#787878\">PURCHASE<\/a><\/div>\n<\/div>\n\n\n\n<p><\/p>\n<\/div><\/li><li class=\"listing-item\"><div class=\"content\">\n<p><\/p>\n\n\n\n<figure class=\"wp-block-image size-large\"><a href=\"https:\/\/carranzapoetrypaintings.art.br\/wp-content\/uploads\/2023\/09\/2023-PPC-21-Contemplacao-XXXVII.-mixed-media-on-Canson-59.4-x-42.0-cm-300g.jpg\"><img loading=\"lazy\" decoding=\"async\" width=\"735\" height=\"1024\" src=\"https:\/\/carranzapoetrypaintings.art.br\/wp-content\/uploads\/2023\/09\/2023-PPC-21-Contemplacao-XXXVII.-mixed-media-on-Canson-59.4-x-42.0-cm-300g-735x1024.jpg\" alt=\"\" class=\"wp-image-4214\" srcset=\"https:\/\/carranzapoetrypaintings.art.br\/wp-content\/uploads\/2023\/09\/2023-PPC-21-Contemplacao-XXXVII.-mixed-media-on-Canson-59.4-x-42.0-cm-300g-735x1024.jpg 735w, https:\/\/carranzapoetrypaintings.art.br\/wp-content\/uploads\/2023\/09\/2023-PPC-21-Contemplacao-XXXVII.-mixed-media-on-Canson-59.4-x-42.0-cm-300g-215x300.jpg 215w, https:\/\/carranzapoetrypaintings.art.br\/wp-content\/uploads\/2023\/09\/2023-PPC-21-Contemplacao-XXXVII.-mixed-media-on-Canson-59.4-x-42.0-cm-300g-768x1069.jpg 768w, https:\/\/carranzapoetrypaintings.art.br\/wp-content\/uploads\/2023\/09\/2023-PPC-21-Contemplacao-XXXVII.-mixed-media-on-Canson-59.4-x-42.0-cm-300g-1103x1536.jpg 1103w, https:\/\/carranzapoetrypaintings.art.br\/wp-content\/uploads\/2023\/09\/2023-PPC-21-Contemplacao-XXXVII.-mixed-media-on-Canson-59.4-x-42.0-cm-300g-1471x2048.jpg 1471w, https:\/\/carranzapoetrypaintings.art.br\/wp-content\/uploads\/2023\/09\/2023-PPC-21-Contemplacao-XXXVII.-mixed-media-on-Canson-59.4-x-42.0-cm-300g-9x12.jpg 9w, https:\/\/carranzapoetrypaintings.art.br\/wp-content\/uploads\/2023\/09\/2023-PPC-21-Contemplacao-XXXVII.-mixed-media-on-Canson-59.4-x-42.0-cm-300g.jpg 1560w\" sizes=\"auto, (max-width: 735px) 100vw, 735px\" \/><\/a><\/figure>\n\n\n\n<p class=\"has-black-color has-text-color\"><strong>Contemplation XXXVII<\/strong><\/p>\n\n\n\n<p><\/p>\n\n\n\n<p class=\"has-text-color\" style=\"color:#9d9d9d\">Year: 2023<\/p>\n\n\n\n<p class=\"has-text-color\" style=\"color:#9d9d9d\">Technique: Mixed media on paper, 300g<\/p>\n\n\n\n<p class=\"has-text-color\" style=\"color:#9d9d9d\">Dimensions: 59.4 x 42 cm<\/p>\n\n\n\n<div class=\"wp-block-buttons is-layout-flex wp-block-buttons-is-layout-flex\">\n<div class=\"wp-block-button\"><a class=\"wp-block-button__link has-white-color has-text-color has-background\" href=\"https:\/\/carranzapoetrypaintings.art.br\/en\/contato\/\" style=\"background-color:#787878\">PURCHASE<\/a><\/div>\n<\/div>\n\n\n\n<p><\/p>\n<\/div><\/li><li class=\"listing-item\"><div class=\"content\">\n<p><\/p>\n\n\n\n<figure class=\"wp-block-image size-large\"><a href=\"https:\/\/carranzapoetrypaintings.art.br\/wp-content\/uploads\/2023\/09\/2023-PPC-20-Contemplacao-XXXVI.-mixed-media-on-Canson-59.4-x-42.0-cm-300g-scaled.jpg\"><img loading=\"lazy\" decoding=\"async\" width=\"721\" height=\"1024\" src=\"https:\/\/carranzapoetrypaintings.art.br\/wp-content\/uploads\/2023\/09\/2023-PPC-20-Contemplacao-XXXVI.-mixed-media-on-Canson-59.4-x-42.0-cm-300g-721x1024.jpg\" alt=\"\" class=\"wp-image-4211\" srcset=\"https:\/\/carranzapoetrypaintings.art.br\/wp-content\/uploads\/2023\/09\/2023-PPC-20-Contemplacao-XXXVI.-mixed-media-on-Canson-59.4-x-42.0-cm-300g-721x1024.jpg 721w, https:\/\/carranzapoetrypaintings.art.br\/wp-content\/uploads\/2023\/09\/2023-PPC-20-Contemplacao-XXXVI.-mixed-media-on-Canson-59.4-x-42.0-cm-300g-211x300.jpg 211w, https:\/\/carranzapoetrypaintings.art.br\/wp-content\/uploads\/2023\/09\/2023-PPC-20-Contemplacao-XXXVI.-mixed-media-on-Canson-59.4-x-42.0-cm-300g-768x1091.jpg 768w, https:\/\/carranzapoetrypaintings.art.br\/wp-content\/uploads\/2023\/09\/2023-PPC-20-Contemplacao-XXXVI.-mixed-media-on-Canson-59.4-x-42.0-cm-300g-1081x1536.jpg 1081w, https:\/\/carranzapoetrypaintings.art.br\/wp-content\/uploads\/2023\/09\/2023-PPC-20-Contemplacao-XXXVI.-mixed-media-on-Canson-59.4-x-42.0-cm-300g-1442x2048.jpg 1442w, https:\/\/carranzapoetrypaintings.art.br\/wp-content\/uploads\/2023\/09\/2023-PPC-20-Contemplacao-XXXVI.-mixed-media-on-Canson-59.4-x-42.0-cm-300g-8x12.jpg 8w, https:\/\/carranzapoetrypaintings.art.br\/wp-content\/uploads\/2023\/09\/2023-PPC-20-Contemplacao-XXXVI.-mixed-media-on-Canson-59.4-x-42.0-cm-300g-scaled.jpg 1802w\" sizes=\"auto, (max-width: 721px) 100vw, 721px\" \/><\/a><\/figure>\n\n\n\n<p class=\"has-black-color has-text-color\"><strong>Contempla\u00e7\u00e3o XXXVI<\/strong><\/p>\n\n\n\n<p><\/p>\n\n\n\n<p class=\"has-text-color\" style=\"color:#9d9d9d\">Year: 2023<\/p>\n\n\n\n<p class=\"has-text-color\" style=\"color:#9d9d9d\">Technique: Mixed media on paper, 300g<\/p>\n\n\n\n<p class=\"has-text-color\" style=\"color:#9d9d9d\">Dimensions: 59.4 x 42 cm<\/p>\n\n\n\n<div class=\"wp-block-buttons is-layout-flex wp-block-buttons-is-layout-flex\">\n<div class=\"wp-block-button\"><a class=\"wp-block-button__link has-white-color has-text-color has-background\" href=\"https:\/\/carranzapoetrypaintings.art.br\/en\/contato\/\" style=\"background-color:#787878\">PURCHASE<\/a><\/div>\n<\/div>\n\n\n\n<p><\/p>\n<\/div><\/li><li class=\"listing-item\"><div class=\"content\">\n<p><\/p>\n\n\n\n<figure class=\"wp-block-image size-large\"><a href=\"https:\/\/carranzapoetrypaintings.art.br\/wp-content\/uploads\/2023\/09\/2023-PPC-19-Contemplacao-XXXV.-mixed-media-on-Canson-59.4-x-42.0-cm-300g-scaled.jpg\"><img loading=\"lazy\" decoding=\"async\" width=\"713\" height=\"1024\" src=\"https:\/\/carranzapoetrypaintings.art.br\/wp-content\/uploads\/2023\/09\/2023-PPC-19-Contemplacao-XXXV.-mixed-media-on-Canson-59.4-x-42.0-cm-300g-713x1024.jpg\" alt=\"\" class=\"wp-image-4208\" srcset=\"https:\/\/carranzapoetrypaintings.art.br\/wp-content\/uploads\/2023\/09\/2023-PPC-19-Contemplacao-XXXV.-mixed-media-on-Canson-59.4-x-42.0-cm-300g-713x1024.jpg 713w, https:\/\/carranzapoetrypaintings.art.br\/wp-content\/uploads\/2023\/09\/2023-PPC-19-Contemplacao-XXXV.-mixed-media-on-Canson-59.4-x-42.0-cm-300g-209x300.jpg 209w, https:\/\/carranzapoetrypaintings.art.br\/wp-content\/uploads\/2023\/09\/2023-PPC-19-Contemplacao-XXXV.-mixed-media-on-Canson-59.4-x-42.0-cm-300g-768x1103.jpg 768w, https:\/\/carranzapoetrypaintings.art.br\/wp-content\/uploads\/2023\/09\/2023-PPC-19-Contemplacao-XXXV.-mixed-media-on-Canson-59.4-x-42.0-cm-300g-1070x1536.jpg 1070w, https:\/\/carranzapoetrypaintings.art.br\/wp-content\/uploads\/2023\/09\/2023-PPC-19-Contemplacao-XXXV.-mixed-media-on-Canson-59.4-x-42.0-cm-300g-1426x2048.jpg 1426w, https:\/\/carranzapoetrypaintings.art.br\/wp-content\/uploads\/2023\/09\/2023-PPC-19-Contemplacao-XXXV.-mixed-media-on-Canson-59.4-x-42.0-cm-300g-8x12.jpg 8w, https:\/\/carranzapoetrypaintings.art.br\/wp-content\/uploads\/2023\/09\/2023-PPC-19-Contemplacao-XXXV.-mixed-media-on-Canson-59.4-x-42.0-cm-300g-scaled.jpg 1783w\" sizes=\"auto, (max-width: 713px) 100vw, 713px\" \/><\/a><\/figure>\n\n\n\n<p class=\"has-black-color has-text-color\"><strong>Contemplation XXXV<\/strong><\/p>\n\n\n\n<p><\/p>\n\n\n\n<p class=\"has-text-color\" style=\"color:#9d9d9d\">Year: 2023<\/p>\n\n\n\n<p class=\"has-text-color\" style=\"color:#9d9d9d\">Technique: Mixed media on paper, 300g<\/p>\n\n\n\n<p class=\"has-text-color\" style=\"color:#9d9d9d\">Dimensions: 59.4 x 42 cm<\/p>\n\n\n\n<div class=\"wp-block-buttons is-layout-flex wp-block-buttons-is-layout-flex\">\n<div class=\"wp-block-button\"><a class=\"wp-block-button__link has-white-color has-text-color has-background\" href=\"https:\/\/carranzapoetrypaintings.art.br\/en\/contato\/\" style=\"background-color:#787878\">PURCHASE<\/a><\/div>\n<\/div>\n\n\n\n<p><\/p>\n<\/div><\/li><li class=\"listing-item\"><div class=\"content\">\n<p><\/p>\n\n\n\n<figure class=\"wp-block-image size-large\"><a href=\"https:\/\/carranzapoetrypaintings.art.br\/wp-content\/uploads\/2023\/09\/2023-PPC-18-Contemplacao-XXXIV.-mixed-media-on-Canson-59.4-x-42.0-cm-300g-scaled.jpg\"><img loading=\"lazy\" decoding=\"async\" width=\"762\" height=\"1024\" src=\"https:\/\/carranzapoetrypaintings.art.br\/wp-content\/uploads\/2023\/09\/2023-PPC-18-Contemplacao-XXXIV.-mixed-media-on-Canson-59.4-x-42.0-cm-300g-762x1024.jpg\" alt=\"\" class=\"wp-image-4205\" srcset=\"https:\/\/carranzapoetrypaintings.art.br\/wp-content\/uploads\/2023\/09\/2023-PPC-18-Contemplacao-XXXIV.-mixed-media-on-Canson-59.4-x-42.0-cm-300g-762x1024.jpg 762w, https:\/\/carranzapoetrypaintings.art.br\/wp-content\/uploads\/2023\/09\/2023-PPC-18-Contemplacao-XXXIV.-mixed-media-on-Canson-59.4-x-42.0-cm-300g-223x300.jpg 223w, https:\/\/carranzapoetrypaintings.art.br\/wp-content\/uploads\/2023\/09\/2023-PPC-18-Contemplacao-XXXIV.-mixed-media-on-Canson-59.4-x-42.0-cm-300g-768x1032.jpg 768w, https:\/\/carranzapoetrypaintings.art.br\/wp-content\/uploads\/2023\/09\/2023-PPC-18-Contemplacao-XXXIV.-mixed-media-on-Canson-59.4-x-42.0-cm-300g-1143x1536.jpg 1143w, https:\/\/carranzapoetrypaintings.art.br\/wp-content\/uploads\/2023\/09\/2023-PPC-18-Contemplacao-XXXIV.-mixed-media-on-Canson-59.4-x-42.0-cm-300g-1524x2048.jpg 1524w, https:\/\/carranzapoetrypaintings.art.br\/wp-content\/uploads\/2023\/09\/2023-PPC-18-Contemplacao-XXXIV.-mixed-media-on-Canson-59.4-x-42.0-cm-300g-9x12.jpg 9w, https:\/\/carranzapoetrypaintings.art.br\/wp-content\/uploads\/2023\/09\/2023-PPC-18-Contemplacao-XXXIV.-mixed-media-on-Canson-59.4-x-42.0-cm-300g-scaled.jpg 1905w\" sizes=\"auto, (max-width: 762px) 100vw, 762px\" \/><\/a><\/figure>\n\n\n\n<p class=\"has-black-color has-text-color\"><strong>Contemplation XXXIV<\/strong><\/p>\n\n\n\n<p><\/p>\n\n\n\n<p class=\"has-text-color\" style=\"color:#9d9d9d\">Year: 2023<\/p>\n\n\n\n<p class=\"has-text-color\" style=\"color:#9d9d9d\">Technique: Mixed media on paper, 300g<\/p>\n\n\n\n<p class=\"has-text-color\" style=\"color:#9d9d9d\">Dimensions: 59.4 x 42 cm<\/p>\n\n\n\n<div class=\"wp-block-buttons is-layout-flex wp-block-buttons-is-layout-flex\">\n<div class=\"wp-block-button\"><a class=\"wp-block-button__link has-white-color has-text-color has-background\" href=\"https:\/\/carranzapoetrypaintings.art.br\/en\/contato\/\" style=\"background-color:#787878\">PURCHASE<\/a><\/div>\n<\/div>\n\n\n\n<p><\/p>\n<\/div><\/li><li class=\"listing-item\"><div class=\"content\">\n<p><\/p>\n\n\n\n<figure class=\"wp-block-image size-large\"><a href=\"https:\/\/carranzapoetrypaintings.art.br\/wp-content\/uploads\/2023\/09\/2023-PPC-17-Contemplacao-XXXIII.-mixed-media-on-Canson-59.4-x-42.0-cm-300g.jpg\"><img loading=\"lazy\" decoding=\"async\" width=\"747\" height=\"1024\" src=\"https:\/\/carranzapoetrypaintings.art.br\/wp-content\/uploads\/2023\/09\/2023-PPC-17-Contemplacao-XXXIII.-mixed-media-on-Canson-59.4-x-42.0-cm-300g-747x1024.jpg\" alt=\"\" class=\"wp-image-4202\" srcset=\"https:\/\/carranzapoetrypaintings.art.br\/wp-content\/uploads\/2023\/09\/2023-PPC-17-Contemplacao-XXXIII.-mixed-media-on-Canson-59.4-x-42.0-cm-300g-747x1024.jpg 747w, https:\/\/carranzapoetrypaintings.art.br\/wp-content\/uploads\/2023\/09\/2023-PPC-17-Contemplacao-XXXIII.-mixed-media-on-Canson-59.4-x-42.0-cm-300g-219x300.jpg 219w, https:\/\/carranzapoetrypaintings.art.br\/wp-content\/uploads\/2023\/09\/2023-PPC-17-Contemplacao-XXXIII.-mixed-media-on-Canson-59.4-x-42.0-cm-300g-768x1053.jpg 768w, https:\/\/carranzapoetrypaintings.art.br\/wp-content\/uploads\/2023\/09\/2023-PPC-17-Contemplacao-XXXIII.-mixed-media-on-Canson-59.4-x-42.0-cm-300g-1120x1536.jpg 1120w, https:\/\/carranzapoetrypaintings.art.br\/wp-content\/uploads\/2023\/09\/2023-PPC-17-Contemplacao-XXXIII.-mixed-media-on-Canson-59.4-x-42.0-cm-300g-1493x2048.jpg 1493w, https:\/\/carranzapoetrypaintings.art.br\/wp-content\/uploads\/2023\/09\/2023-PPC-17-Contemplacao-XXXIII.-mixed-media-on-Canson-59.4-x-42.0-cm-300g-9x12.jpg 9w, https:\/\/carranzapoetrypaintings.art.br\/wp-content\/uploads\/2023\/09\/2023-PPC-17-Contemplacao-XXXIII.-mixed-media-on-Canson-59.4-x-42.0-cm-300g.jpg 1616w\" sizes=\"auto, (max-width: 747px) 100vw, 747px\" \/><\/a><\/figure>\n\n\n\n<p class=\"has-black-color has-text-color\"><strong>Contemplation XXXIII<\/strong><\/p>\n\n\n\n<p><\/p>\n\n\n\n<p class=\"has-text-color\" style=\"color:#9d9d9d\">Year: 2023<\/p>\n\n\n\n<p class=\"has-text-color\" style=\"color:#9d9d9d\">Technique: Mixed media on paper, 300g<\/p>\n\n\n\n<p class=\"has-text-color\" style=\"color:#9d9d9d\">Dimensions: 59.4 x 42 cm<\/p>\n\n\n\n<div class=\"wp-block-buttons is-layout-flex wp-block-buttons-is-layout-flex\">\n<div class=\"wp-block-button\"><a class=\"wp-block-button__link has-white-color has-text-color has-background\" href=\"https:\/\/carranzapoetrypaintings.art.br\/en\/contato\/\" style=\"background-color:#787878\">PURCHASE<\/a><\/div>\n<\/div>\n\n\n\n<p><\/p>\n<\/div><\/li><li class=\"listing-item\"><div class=\"content\">\n<p><\/p>\n\n\n\n<figure class=\"wp-block-image size-large\"><a href=\"https:\/\/carranzapoetrypaintings.art.br\/wp-content\/uploads\/2023\/09\/2023-PPC-16-Contemplacao-XXXIII.-mixed-media-on-Canson-59.4-x-42.0-cm-300g-3-scaled.jpg\"><img loading=\"lazy\" decoding=\"async\" width=\"716\" height=\"1024\" src=\"https:\/\/carranzapoetrypaintings.art.br\/wp-content\/uploads\/2023\/09\/2023-PPC-16-Contemplacao-XXXIII.-mixed-media-on-Canson-59.4-x-42.0-cm-300g-3-716x1024.jpg\" alt=\"\" class=\"wp-image-4199\" srcset=\"https:\/\/carranzapoetrypaintings.art.br\/wp-content\/uploads\/2023\/09\/2023-PPC-16-Contemplacao-XXXIII.-mixed-media-on-Canson-59.4-x-42.0-cm-300g-3-716x1024.jpg 716w, https:\/\/carranzapoetrypaintings.art.br\/wp-content\/uploads\/2023\/09\/2023-PPC-16-Contemplacao-XXXIII.-mixed-media-on-Canson-59.4-x-42.0-cm-300g-3-210x300.jpg 210w, https:\/\/carranzapoetrypaintings.art.br\/wp-content\/uploads\/2023\/09\/2023-PPC-16-Contemplacao-XXXIII.-mixed-media-on-Canson-59.4-x-42.0-cm-300g-3-768x1099.jpg 768w, https:\/\/carranzapoetrypaintings.art.br\/wp-content\/uploads\/2023\/09\/2023-PPC-16-Contemplacao-XXXIII.-mixed-media-on-Canson-59.4-x-42.0-cm-300g-3-1074x1536.jpg 1074w, https:\/\/carranzapoetrypaintings.art.br\/wp-content\/uploads\/2023\/09\/2023-PPC-16-Contemplacao-XXXIII.-mixed-media-on-Canson-59.4-x-42.0-cm-300g-3-1431x2048.jpg 1431w, https:\/\/carranzapoetrypaintings.art.br\/wp-content\/uploads\/2023\/09\/2023-PPC-16-Contemplacao-XXXIII.-mixed-media-on-Canson-59.4-x-42.0-cm-300g-3-8x12.jpg 8w, https:\/\/carranzapoetrypaintings.art.br\/wp-content\/uploads\/2023\/09\/2023-PPC-16-Contemplacao-XXXIII.-mixed-media-on-Canson-59.4-x-42.0-cm-300g-3-scaled.jpg 1789w\" sizes=\"auto, (max-width: 716px) 100vw, 716px\" \/><\/a><\/figure>\n\n\n\n<p class=\"has-black-color has-text-color\"><strong>Contemplation XXXII<\/strong><\/p>\n\n\n\n<p><\/p>\n\n\n\n<p class=\"has-text-color\" style=\"color:#9d9d9d\">Year: 2023<\/p>\n\n\n\n<p class=\"has-text-color\" style=\"color:#9d9d9d\">Technique: Mixed media on paper, 300g<\/p>\n\n\n\n<p class=\"has-text-color\" style=\"color:#9d9d9d\">Dimensions: 59.4 x 42 cm<\/p>\n\n\n\n<div class=\"wp-block-buttons is-layout-flex wp-block-buttons-is-layout-flex\">\n<div class=\"wp-block-button\"><a class=\"wp-block-button__link has-white-color has-text-color has-background\" href=\"https:\/\/carranzapoetrypaintings.art.br\/en\/contato\/\" style=\"background-color:#787878\">PURCHASE<\/a><\/div>\n<\/div>\n\n\n\n<p><\/p>\n<\/div><\/li><li class=\"listing-item\"><div class=\"content\">\n<p><\/p>\n\n\n\n<figure class=\"wp-block-image size-large\"><a href=\"https:\/\/carranzapoetrypaintings.art.br\/wp-content\/uploads\/2023\/09\/2023-PPC-15-Contemplacao-XXXI.-mixed-media-on-Canson-59.4-x-42.0-cm-300g-1-scaled.jpg\"><img loading=\"lazy\" decoding=\"async\" width=\"723\" height=\"1024\" src=\"https:\/\/carranzapoetrypaintings.art.br\/wp-content\/uploads\/2023\/09\/2023-PPC-15-Contemplacao-XXXI.-mixed-media-on-Canson-59.4-x-42.0-cm-300g-1-723x1024.jpg\" alt=\"\" class=\"wp-image-4197\" srcset=\"https:\/\/carranzapoetrypaintings.art.br\/wp-content\/uploads\/2023\/09\/2023-PPC-15-Contemplacao-XXXI.-mixed-media-on-Canson-59.4-x-42.0-cm-300g-1-723x1024.jpg 723w, https:\/\/carranzapoetrypaintings.art.br\/wp-content\/uploads\/2023\/09\/2023-PPC-15-Contemplacao-XXXI.-mixed-media-on-Canson-59.4-x-42.0-cm-300g-1-212x300.jpg 212w, https:\/\/carranzapoetrypaintings.art.br\/wp-content\/uploads\/2023\/09\/2023-PPC-15-Contemplacao-XXXI.-mixed-media-on-Canson-59.4-x-42.0-cm-300g-1-768x1088.jpg 768w, https:\/\/carranzapoetrypaintings.art.br\/wp-content\/uploads\/2023\/09\/2023-PPC-15-Contemplacao-XXXI.-mixed-media-on-Canson-59.4-x-42.0-cm-300g-1-1085x1536.jpg 1085w, https:\/\/carranzapoetrypaintings.art.br\/wp-content\/uploads\/2023\/09\/2023-PPC-15-Contemplacao-XXXI.-mixed-media-on-Canson-59.4-x-42.0-cm-300g-1-1446x2048.jpg 1446w, https:\/\/carranzapoetrypaintings.art.br\/wp-content\/uploads\/2023\/09\/2023-PPC-15-Contemplacao-XXXI.-mixed-media-on-Canson-59.4-x-42.0-cm-300g-1-8x12.jpg 8w, https:\/\/carranzapoetrypaintings.art.br\/wp-content\/uploads\/2023\/09\/2023-PPC-15-Contemplacao-XXXI.-mixed-media-on-Canson-59.4-x-42.0-cm-300g-1-scaled.jpg 1808w\" sizes=\"auto, (max-width: 723px) 100vw, 723px\" \/><\/a><\/figure>\n\n\n\n<p class=\"has-black-color has-text-color\"><strong>Contemplation XXXI <\/strong><\/p>\n\n\n\n<p><\/p>\n\n\n\n<p class=\"has-text-color\" style=\"color:#9d9d9d\">Year: 2023<\/p>\n\n\n\n<p class=\"has-text-color\" style=\"color:#9d9d9d\">Technique: Mixed media on paper, 300g<\/p>\n\n\n\n<p class=\"has-text-color\" style=\"color:#9d9d9d\">Dimensions: 59.4 x 42 cm<\/p>\n\n\n\n<div class=\"wp-block-buttons is-layout-flex wp-block-buttons-is-layout-flex\">\n<div class=\"wp-block-button\"><a class=\"wp-block-button__link has-white-color has-text-color has-background\" href=\"https:\/\/carranzapoetrypaintings.art.br\/en\/contato\/\" style=\"background-color:#787878\">PURCHASE<\/a><\/div>\n<\/div>\n\n\n\n<p><\/p>\n<\/div><\/li><li class=\"listing-item\"><div class=\"content\">\n<p><\/p>\n\n\n\n<figure class=\"wp-block-image size-large\"><a href=\"https:\/\/carranzapoetrypaintings.art.br\/wp-content\/uploads\/2023\/09\/2023-PPC-14-Contemplacao-XXX.-mixed-media-on-Canson-59.4-x-42.0-cm-300g-1-scaled.jpg\"><img loading=\"lazy\" decoding=\"async\" width=\"720\" height=\"1024\" src=\"https:\/\/carranzapoetrypaintings.art.br\/wp-content\/uploads\/2023\/09\/2023-PPC-14-Contemplacao-XXX.-mixed-media-on-Canson-59.4-x-42.0-cm-300g-1-720x1024.jpg\" alt=\"\" class=\"wp-image-4195\" srcset=\"https:\/\/carranzapoetrypaintings.art.br\/wp-content\/uploads\/2023\/09\/2023-PPC-14-Contemplacao-XXX.-mixed-media-on-Canson-59.4-x-42.0-cm-300g-1-720x1024.jpg 720w, https:\/\/carranzapoetrypaintings.art.br\/wp-content\/uploads\/2023\/09\/2023-PPC-14-Contemplacao-XXX.-mixed-media-on-Canson-59.4-x-42.0-cm-300g-1-211x300.jpg 211w, https:\/\/carranzapoetrypaintings.art.br\/wp-content\/uploads\/2023\/09\/2023-PPC-14-Contemplacao-XXX.-mixed-media-on-Canson-59.4-x-42.0-cm-300g-1-768x1093.jpg 768w, https:\/\/carranzapoetrypaintings.art.br\/wp-content\/uploads\/2023\/09\/2023-PPC-14-Contemplacao-XXX.-mixed-media-on-Canson-59.4-x-42.0-cm-300g-1-1079x1536.jpg 1079w, https:\/\/carranzapoetrypaintings.art.br\/wp-content\/uploads\/2023\/09\/2023-PPC-14-Contemplacao-XXX.-mixed-media-on-Canson-59.4-x-42.0-cm-300g-1-1439x2048.jpg 1439w, https:\/\/carranzapoetrypaintings.art.br\/wp-content\/uploads\/2023\/09\/2023-PPC-14-Contemplacao-XXX.-mixed-media-on-Canson-59.4-x-42.0-cm-300g-1-8x12.jpg 8w, https:\/\/carranzapoetrypaintings.art.br\/wp-content\/uploads\/2023\/09\/2023-PPC-14-Contemplacao-XXX.-mixed-media-on-Canson-59.4-x-42.0-cm-300g-1-scaled.jpg 1799w\" sizes=\"auto, (max-width: 720px) 100vw, 720px\" \/><\/a><\/figure>\n\n\n\n<p class=\"has-black-color has-text-color\"><strong>Contemplation XXX <\/strong><\/p>\n\n\n\n<p><\/p>\n\n\n\n<p class=\"has-text-color\" style=\"color:#9d9d9d\">Year: 2023<\/p>\n\n\n\n<p class=\"has-text-color\" style=\"color:#9d9d9d\">Technique: Mixed media on paper, 300g<\/p>\n\n\n\n<p class=\"has-text-color\" style=\"color:#9d9d9d\">Dimensions: 59.4 x 42 cm<\/p>\n\n\n\n<div class=\"wp-block-buttons is-layout-flex wp-block-buttons-is-layout-flex\">\n<div class=\"wp-block-button\"><a class=\"wp-block-button__link has-white-color has-text-color has-background\" href=\"https:\/\/carranzapoetrypaintings.art.br\/en\/contato\/\" style=\"background-color:#787878\">PURCHASE<\/a><\/div>\n<\/div>\n\n\n\n<p><\/p>\n<\/div><\/li><li class=\"listing-item\"><div class=\"content\">\n<p><\/p>\n\n\n\n<figure class=\"wp-block-image size-large\"><a href=\"https:\/\/carranzapoetrypaintings.art.br\/wp-content\/uploads\/2023\/09\/2023-PPC-13-Contemplacao-XXIX.-Coffee-on-Canson-59.4-x-42.0-cm-300g-1.jpg\"><img loading=\"lazy\" decoding=\"async\" width=\"715\" height=\"1024\" src=\"https:\/\/carranzapoetrypaintings.art.br\/wp-content\/uploads\/2023\/09\/2023-PPC-13-Contemplacao-XXIX.-Coffee-on-Canson-59.4-x-42.0-cm-300g-1-715x1024.jpg\" alt=\"\" class=\"wp-image-4193\" srcset=\"https:\/\/carranzapoetrypaintings.art.br\/wp-content\/uploads\/2023\/09\/2023-PPC-13-Contemplacao-XXIX.-Coffee-on-Canson-59.4-x-42.0-cm-300g-1-715x1024.jpg 715w, https:\/\/carranzapoetrypaintings.art.br\/wp-content\/uploads\/2023\/09\/2023-PPC-13-Contemplacao-XXIX.-Coffee-on-Canson-59.4-x-42.0-cm-300g-1-210x300.jpg 210w, https:\/\/carranzapoetrypaintings.art.br\/wp-content\/uploads\/2023\/09\/2023-PPC-13-Contemplacao-XXIX.-Coffee-on-Canson-59.4-x-42.0-cm-300g-1-768x1099.jpg 768w, https:\/\/carranzapoetrypaintings.art.br\/wp-content\/uploads\/2023\/09\/2023-PPC-13-Contemplacao-XXIX.-Coffee-on-Canson-59.4-x-42.0-cm-300g-1-1073x1536.jpg 1073w, https:\/\/carranzapoetrypaintings.art.br\/wp-content\/uploads\/2023\/09\/2023-PPC-13-Contemplacao-XXIX.-Coffee-on-Canson-59.4-x-42.0-cm-300g-1-1431x2048.jpg 1431w, https:\/\/carranzapoetrypaintings.art.br\/wp-content\/uploads\/2023\/09\/2023-PPC-13-Contemplacao-XXIX.-Coffee-on-Canson-59.4-x-42.0-cm-300g-1-8x12.jpg 8w, https:\/\/carranzapoetrypaintings.art.br\/wp-content\/uploads\/2023\/09\/2023-PPC-13-Contemplacao-XXIX.-Coffee-on-Canson-59.4-x-42.0-cm-300g-1.jpg 1724w\" sizes=\"auto, (max-width: 715px) 100vw, 715px\" \/><\/a><\/figure>\n\n\n\n<p class=\"has-black-color has-text-color\"><strong>Contemplation XXIX <\/strong><\/p>\n\n\n\n<p><\/p>\n\n\n\n<p class=\"has-text-color\" style=\"color:#9d9d9d\">Year: 2023<\/p>\n\n\n\n<p class=\"has-text-color\" style=\"color:#9d9d9d\">Technique: Coffee on paper, 300g<\/p>\n\n\n\n<p class=\"has-text-color\" style=\"color:#9d9d9d\">Dimensions: 59.4 x 42 cm<\/p>\n\n\n\n<div class=\"wp-block-buttons is-layout-flex wp-block-buttons-is-layout-flex\">\n<div class=\"wp-block-button\"><a class=\"wp-block-button__link has-white-color has-text-color has-background\" href=\"https:\/\/carranzapoetrypaintings.art.br\/en\/contato\/\" style=\"background-color:#787878\">PURCHASE<\/a><\/div>\n<\/div>\n\n\n\n<p><\/p>\n<\/div><\/li><li class=\"listing-item\"><div class=\"content\">\n<p><\/p>\n\n\n\n<figure class=\"wp-block-image size-large\"><a href=\"https:\/\/carranzapoetrypaintings.art.br\/wp-content\/uploads\/2023\/09\/2023-PPC-12-Contemplacao-XXVIII.-mixed-media-on-Canson-42.0-x-59.4-cm-300g.jpg\"><img loading=\"lazy\" decoding=\"async\" width=\"1024\" height=\"729\" src=\"https:\/\/carranzapoetrypaintings.art.br\/wp-content\/uploads\/2023\/09\/2023-PPC-12-Contemplacao-XXVIII.-mixed-media-on-Canson-42.0-x-59.4-cm-300g-1024x729.jpg\" alt=\"\" class=\"wp-image-4173\" srcset=\"https:\/\/carranzapoetrypaintings.art.br\/wp-content\/uploads\/2023\/09\/2023-PPC-12-Contemplacao-XXVIII.-mixed-media-on-Canson-42.0-x-59.4-cm-300g-1024x729.jpg 1024w, https:\/\/carranzapoetrypaintings.art.br\/wp-content\/uploads\/2023\/09\/2023-PPC-12-Contemplacao-XXVIII.-mixed-media-on-Canson-42.0-x-59.4-cm-300g-300x214.jpg 300w, https:\/\/carranzapoetrypaintings.art.br\/wp-content\/uploads\/2023\/09\/2023-PPC-12-Contemplacao-XXVIII.-mixed-media-on-Canson-42.0-x-59.4-cm-300g-768x547.jpg 768w, https:\/\/carranzapoetrypaintings.art.br\/wp-content\/uploads\/2023\/09\/2023-PPC-12-Contemplacao-XXVIII.-mixed-media-on-Canson-42.0-x-59.4-cm-300g-1536x1094.jpg 1536w, https:\/\/carranzapoetrypaintings.art.br\/wp-content\/uploads\/2023\/09\/2023-PPC-12-Contemplacao-XXVIII.-mixed-media-on-Canson-42.0-x-59.4-cm-300g-2048x1458.jpg 2048w, https:\/\/carranzapoetrypaintings.art.br\/wp-content\/uploads\/2023\/09\/2023-PPC-12-Contemplacao-XXVIII.-mixed-media-on-Canson-42.0-x-59.4-cm-300g-18x12.jpg 18w\" sizes=\"auto, (max-width: 1024px) 100vw, 1024px\" \/><\/a><\/figure>\n\n\n\n<p class=\"has-black-color has-text-color\"><strong>Contemplation XXVIII <\/strong><\/p>\n\n\n\n<p><\/p>\n\n\n\n<p class=\"has-text-color\" style=\"color:#9d9d9d\">Year: 2023<\/p>\n\n\n\n<p class=\"has-text-color\" style=\"color:#9d9d9d\">Technique: Mixed media on paper, 300g<\/p>\n\n\n\n<p class=\"has-text-color\" style=\"color:#9d9d9d\">Dimensions: 42 x 59.4 cm<\/p>\n\n\n\n<div class=\"wp-block-buttons is-layout-flex wp-block-buttons-is-layout-flex\">\n<div class=\"wp-block-button\"><a class=\"wp-block-button__link has-white-color has-text-color has-background\" href=\"https:\/\/carranzapoetrypaintings.art.br\/en\/contato\/\" style=\"background-color:#787878\">PURCHASE<\/a><\/div>\n<\/div>\n\n\n\n<p><\/p>\n<\/div><\/li><li class=\"listing-item\"><div class=\"content\">\n<p><\/p>\n\n\n\n<figure class=\"wp-block-image size-large is-resized\"><a href=\"https:\/\/carranzapoetrypaintings.art.br\/wp-content\/uploads\/2023\/07\/2023-PPC-11-Contemplacao-XXVII.Diptico-montado-2-scaled.jpg\"><img decoding=\"async\" src=\"https:\/\/carranzapoetrypaintings.art.br\/wp-content\/uploads\/2023\/07\/2023-PPC-11-Contemplacao-XXVII.Diptico-montado-2-1024x713.jpg\" alt=\"\" class=\"wp-image-4105\" width=\"643\" srcset=\"https:\/\/carranzapoetrypaintings.art.br\/wp-content\/uploads\/2023\/07\/2023-PPC-11-Contemplacao-XXVII.Diptico-montado-2-1024x713.jpg 1024w, https:\/\/carranzapoetrypaintings.art.br\/wp-content\/uploads\/2023\/07\/2023-PPC-11-Contemplacao-XXVII.Diptico-montado-2-300x209.jpg 300w, https:\/\/carranzapoetrypaintings.art.br\/wp-content\/uploads\/2023\/07\/2023-PPC-11-Contemplacao-XXVII.Diptico-montado-2-768x535.jpg 768w, https:\/\/carranzapoetrypaintings.art.br\/wp-content\/uploads\/2023\/07\/2023-PPC-11-Contemplacao-XXVII.Diptico-montado-2-1536x1070.jpg 1536w, https:\/\/carranzapoetrypaintings.art.br\/wp-content\/uploads\/2023\/07\/2023-PPC-11-Contemplacao-XXVII.Diptico-montado-2-2048x1426.jpg 2048w, https:\/\/carranzapoetrypaintings.art.br\/wp-content\/uploads\/2023\/07\/2023-PPC-11-Contemplacao-XXVII.Diptico-montado-2-18x12.jpg 18w\" sizes=\"(max-width: 1024px) 100vw, 1024px\" \/><\/a><\/figure>\n\n\n\n<p class=\"has-black-color has-text-color\"><strong>Contemplation XXVII Diptych  <\/strong><\/p>\n\n\n\n<p><\/p>\n\n\n\n<p class=\"has-text-color\" style=\"color:#9d9d9d\">Year: 2023<\/p>\n\n\n\n<p class=\"has-text-color\" style=\"color:#9d9d9d\">Technique: Acrylic on paper, 300g<\/p>\n\n\n\n<p class=\"has-text-color\" style=\"color:#9d9d9d\">Dimensions:  42 x 59.4 cm<\/p>\n\n\n\n<div class=\"wp-block-buttons is-layout-flex wp-block-buttons-is-layout-flex\">\n<div class=\"wp-block-button\"><a class=\"wp-block-button__link has-white-color has-text-color has-background\" href=\"https:\/\/carranzapoetrypaintings.art.br\/en\/contato\/\" style=\"background-color:#787878\">PURCHASE<\/a><\/div>\n<\/div>\n\n\n\n<p><\/p>\n<\/div><\/li><li class=\"listing-item\"><div class=\"content\">\n<p><\/p>\n\n\n\n<figure class=\"wp-block-image size-large is-resized\"><a href=\"https:\/\/carranzapoetrypaintings.art.br\/wp-content\/uploads\/2023\/07\/2023-PPC-10-Contemplacao-XXVI.Triptico-montado-2-scaled.jpg\"><img decoding=\"async\" src=\"https:\/\/carranzapoetrypaintings.art.br\/wp-content\/uploads\/2023\/07\/2023-PPC-10-Contemplacao-XXVI.Triptico-montado-2-1024x468.jpg\" alt=\"\" class=\"wp-image-4102\" width=\"643\" srcset=\"https:\/\/carranzapoetrypaintings.art.br\/wp-content\/uploads\/2023\/07\/2023-PPC-10-Contemplacao-XXVI.Triptico-montado-2-1024x468.jpg 1024w, https:\/\/carranzapoetrypaintings.art.br\/wp-content\/uploads\/2023\/07\/2023-PPC-10-Contemplacao-XXVI.Triptico-montado-2-300x137.jpg 300w, https:\/\/carranzapoetrypaintings.art.br\/wp-content\/uploads\/2023\/07\/2023-PPC-10-Contemplacao-XXVI.Triptico-montado-2-768x351.jpg 768w, https:\/\/carranzapoetrypaintings.art.br\/wp-content\/uploads\/2023\/07\/2023-PPC-10-Contemplacao-XXVI.Triptico-montado-2-1536x702.jpg 1536w, https:\/\/carranzapoetrypaintings.art.br\/wp-content\/uploads\/2023\/07\/2023-PPC-10-Contemplacao-XXVI.Triptico-montado-2-2048x936.jpg 2048w, https:\/\/carranzapoetrypaintings.art.br\/wp-content\/uploads\/2023\/07\/2023-PPC-10-Contemplacao-XXVI.Triptico-montado-2-18x8.jpg 18w\" sizes=\"(max-width: 1024px) 100vw, 1024px\" \/><\/a><\/figure>\n\n\n\n<p class=\"has-black-color has-text-color\"><strong>Contemplation XXVI Triptych <\/strong><\/p>\n\n\n\n<p><\/p>\n\n\n\n<p class=\"has-text-color\" style=\"color:#9d9d9d\">Year: 2023<\/p>\n\n\n\n<p class=\"has-text-color\" style=\"color:#9d9d9d\">Technique: Acrylic on paper, 300g<\/p>\n\n\n\n<p class=\"has-text-color\" style=\"color:#9d9d9d\">Dimensions: 42 x 89.1 cm<\/p>\n\n\n\n<div class=\"wp-block-buttons is-layout-flex wp-block-buttons-is-layout-flex\">\n<div class=\"wp-block-button\"><a class=\"wp-block-button__link has-white-color has-text-color has-background\" href=\"https:\/\/carranzapoetrypaintings.art.br\/en\/contato\/\" style=\"background-color:#787878\">PURCHASE<\/a><\/div>\n<\/div>\n\n\n\n<p><\/p>\n<\/div><\/li><li class=\"listing-item\"><div class=\"content\">\n<p><\/p>\n\n\n\n<figure class=\"wp-block-image size-large is-resized\"><a href=\"https:\/\/carranzapoetrypaintings.art.br\/wp-content\/uploads\/2023\/07\/2023-PPC-09-Contemplacao-XXV.-Acrilica-sobre-papel-canson-410x297mm-300g-scaled.jpg\"><img decoding=\"async\" src=\"https:\/\/carranzapoetrypaintings.art.br\/wp-content\/uploads\/2023\/07\/2023-PPC-09-Contemplacao-XXV.-Acrilica-sobre-papel-canson-410x297mm-300g-717x1024.jpg\" alt=\"\" class=\"wp-image-4100\" width=\"643\" srcset=\"https:\/\/carranzapoetrypaintings.art.br\/wp-content\/uploads\/2023\/07\/2023-PPC-09-Contemplacao-XXV.-Acrilica-sobre-papel-canson-410x297mm-300g-717x1024.jpg 717w, https:\/\/carranzapoetrypaintings.art.br\/wp-content\/uploads\/2023\/07\/2023-PPC-09-Contemplacao-XXV.-Acrilica-sobre-papel-canson-410x297mm-300g-210x300.jpg 210w, https:\/\/carranzapoetrypaintings.art.br\/wp-content\/uploads\/2023\/07\/2023-PPC-09-Contemplacao-XXV.-Acrilica-sobre-papel-canson-410x297mm-300g-768x1096.jpg 768w, https:\/\/carranzapoetrypaintings.art.br\/wp-content\/uploads\/2023\/07\/2023-PPC-09-Contemplacao-XXV.-Acrilica-sobre-papel-canson-410x297mm-300g-1076x1536.jpg 1076w, https:\/\/carranzapoetrypaintings.art.br\/wp-content\/uploads\/2023\/07\/2023-PPC-09-Contemplacao-XXV.-Acrilica-sobre-papel-canson-410x297mm-300g-1435x2048.jpg 1435w, https:\/\/carranzapoetrypaintings.art.br\/wp-content\/uploads\/2023\/07\/2023-PPC-09-Contemplacao-XXV.-Acrilica-sobre-papel-canson-410x297mm-300g-8x12.jpg 8w, https:\/\/carranzapoetrypaintings.art.br\/wp-content\/uploads\/2023\/07\/2023-PPC-09-Contemplacao-XXV.-Acrilica-sobre-papel-canson-410x297mm-300g-scaled.jpg 1793w\" sizes=\"(max-width: 717px) 100vw, 717px\" \/><\/a><\/figure>\n\n\n\n<p class=\"has-black-color has-text-color\"><strong>Contemplation XXV <\/strong><\/p>\n\n\n\n<p><\/p>\n\n\n\n<p class=\"has-text-color\" style=\"color:#9d9d9d\">Year: 2023<\/p>\n\n\n\n<p class=\"has-text-color\" style=\"color:#9d9d9d\">Technique: Acrylic on paper, 300g<\/p>\n\n\n\n<p class=\"has-text-color\" style=\"color:#9d9d9d\">Dimensions: 42 x 29.7 cm<\/p>\n\n\n\n<div class=\"wp-block-buttons is-layout-flex wp-block-buttons-is-layout-flex\">\n<div class=\"wp-block-button\"><a class=\"wp-block-button__link has-white-color has-text-color has-background\" href=\"https:\/\/carranzapoetrypaintings.art.br\/en\/contato\/\" style=\"background-color:#787878\">PURCHASE<\/a><\/div>\n<\/div>\n\n\n\n<p><\/p>\n<\/div><\/li><li class=\"listing-item\"><div class=\"content\">\n<p><\/p>\n\n\n\n<figure class=\"wp-block-image size-large is-resized\"><a href=\"https:\/\/carranzapoetrypaintings.art.br\/wp-content\/uploads\/2023\/07\/2023-PPC-08-Contemplacao-XXIV.-Acrilica-sobre-papel-canson-410x297mm-300g.jpg\"><img decoding=\"async\" src=\"https:\/\/carranzapoetrypaintings.art.br\/wp-content\/uploads\/2023\/07\/2023-PPC-08-Contemplacao-XXIV.-Acrilica-sobre-papel-canson-410x297mm-300g-748x1024.jpg\" alt=\"\" class=\"wp-image-4098\" width=\"643\" srcset=\"https:\/\/carranzapoetrypaintings.art.br\/wp-content\/uploads\/2023\/07\/2023-PPC-08-Contemplacao-XXIV.-Acrilica-sobre-papel-canson-410x297mm-300g-748x1024.jpg 748w, https:\/\/carranzapoetrypaintings.art.br\/wp-content\/uploads\/2023\/07\/2023-PPC-08-Contemplacao-XXIV.-Acrilica-sobre-papel-canson-410x297mm-300g-219x300.jpg 219w, https:\/\/carranzapoetrypaintings.art.br\/wp-content\/uploads\/2023\/07\/2023-PPC-08-Contemplacao-XXIV.-Acrilica-sobre-papel-canson-410x297mm-300g-768x1051.jpg 768w, https:\/\/carranzapoetrypaintings.art.br\/wp-content\/uploads\/2023\/07\/2023-PPC-08-Contemplacao-XXIV.-Acrilica-sobre-papel-canson-410x297mm-300g-1122x1536.jpg 1122w, https:\/\/carranzapoetrypaintings.art.br\/wp-content\/uploads\/2023\/07\/2023-PPC-08-Contemplacao-XXIV.-Acrilica-sobre-papel-canson-410x297mm-300g-1496x2048.jpg 1496w, https:\/\/carranzapoetrypaintings.art.br\/wp-content\/uploads\/2023\/07\/2023-PPC-08-Contemplacao-XXIV.-Acrilica-sobre-papel-canson-410x297mm-300g-9x12.jpg 9w, https:\/\/carranzapoetrypaintings.art.br\/wp-content\/uploads\/2023\/07\/2023-PPC-08-Contemplacao-XXIV.-Acrilica-sobre-papel-canson-410x297mm-300g.jpg 1756w\" sizes=\"(max-width: 748px) 100vw, 748px\" \/><\/a><\/figure>\n\n\n\n<p class=\"has-black-color has-text-color\"><strong>Contemplation XXIV <\/strong><\/p>\n\n\n\n<p><\/p>\n\n\n\n<p class=\"has-text-color\" style=\"color:#9d9d9d\">Year: 2023<\/p>\n\n\n\n<p class=\"has-text-color\" style=\"color:#9d9d9d\">Technique: Acrylic on paper, 300g<\/p>\n\n\n\n<p class=\"has-text-color\" style=\"color:#9d9d9d\">Dimensions: 42 x 29.7 cm<\/p>\n\n\n\n<div class=\"wp-block-buttons is-layout-flex wp-block-buttons-is-layout-flex\">\n<div class=\"wp-block-button\"><a class=\"wp-block-button__link has-white-color has-text-color has-background\" href=\"https:\/\/carranzapoetrypaintings.art.br\/en\/contato\/\" style=\"background-color:#787878\">PURCHASE<\/a><\/div>\n<\/div>\n\n\n\n<p><\/p>\n<\/div><\/li><li class=\"listing-item\"><div class=\"content\">\n<p><\/p>\n\n\n\n<figure class=\"wp-block-image size-large is-resized\"><a href=\"https:\/\/carranzapoetrypaintings.art.br\/wp-content\/uploads\/2023\/07\/2023-PPC-07-Contemplacao-XXIII.-Acrilica-sobre-papel-canson-410x297mm-300g-scaled.jpg\"><img decoding=\"async\" src=\"https:\/\/carranzapoetrypaintings.art.br\/wp-content\/uploads\/2023\/07\/2023-PPC-07-Contemplacao-XXIII.-Acrilica-sobre-papel-canson-410x297mm-300g-726x1024.jpg\" alt=\"\" class=\"wp-image-4096\" width=\"643\" srcset=\"https:\/\/carranzapoetrypaintings.art.br\/wp-content\/uploads\/2023\/07\/2023-PPC-07-Contemplacao-XXIII.-Acrilica-sobre-papel-canson-410x297mm-300g-726x1024.jpg 726w, https:\/\/carranzapoetrypaintings.art.br\/wp-content\/uploads\/2023\/07\/2023-PPC-07-Contemplacao-XXIII.-Acrilica-sobre-papel-canson-410x297mm-300g-213x300.jpg 213w, https:\/\/carranzapoetrypaintings.art.br\/wp-content\/uploads\/2023\/07\/2023-PPC-07-Contemplacao-XXIII.-Acrilica-sobre-papel-canson-410x297mm-300g-768x1083.jpg 768w, https:\/\/carranzapoetrypaintings.art.br\/wp-content\/uploads\/2023\/07\/2023-PPC-07-Contemplacao-XXIII.-Acrilica-sobre-papel-canson-410x297mm-300g-1089x1536.jpg 1089w, https:\/\/carranzapoetrypaintings.art.br\/wp-content\/uploads\/2023\/07\/2023-PPC-07-Contemplacao-XXIII.-Acrilica-sobre-papel-canson-410x297mm-300g-1453x2048.jpg 1453w, https:\/\/carranzapoetrypaintings.art.br\/wp-content\/uploads\/2023\/07\/2023-PPC-07-Contemplacao-XXIII.-Acrilica-sobre-papel-canson-410x297mm-300g-9x12.jpg 9w, https:\/\/carranzapoetrypaintings.art.br\/wp-content\/uploads\/2023\/07\/2023-PPC-07-Contemplacao-XXIII.-Acrilica-sobre-papel-canson-410x297mm-300g-scaled.jpg 1816w\" sizes=\"(max-width: 726px) 100vw, 726px\" \/><\/a><\/figure>\n\n\n\n<p class=\"has-black-color has-text-color\"><strong>Contemplation XXIII <\/strong><\/p>\n\n\n\n<p><\/p>\n\n\n\n<p class=\"has-text-color\" style=\"color:#9d9d9d\">Year: 2023<\/p>\n\n\n\n<p class=\"has-text-color\" style=\"color:#9d9d9d\">Technique: Acrylic on paper, 300g<\/p>\n\n\n\n<p class=\"has-text-color\" style=\"color:#9d9d9d\">Dimensions: 42 x 29.7 cm<\/p>\n\n\n\n<div class=\"wp-block-buttons is-layout-flex wp-block-buttons-is-layout-flex\">\n<div class=\"wp-block-button\"><a class=\"wp-block-button__link has-white-color has-text-color has-background\" href=\"https:\/\/carranzapoetrypaintings.art.br\/en\/contato\/\" style=\"background-color:#787878\">PURCHASE<\/a><\/div>\n<\/div>\n\n\n\n<p><\/p>\n<\/div><\/li><li class=\"listing-item\"><div class=\"content\">\n<p><\/p>\n\n\n\n<figure class=\"wp-block-image size-large\"><a href=\"https:\/\/carranzapoetrypaintings.art.br\/wp-content\/uploads\/2023\/07\/2023-PPC-06-Contemplacao-XXII.-Acrilica-sobre-papel-canson-410x297mm-300g.-scaled.jpg\"><img loading=\"lazy\" decoding=\"async\" width=\"725\" height=\"1024\" src=\"https:\/\/carranzapoetrypaintings.art.br\/wp-content\/uploads\/2023\/07\/2023-PPC-06-Contemplacao-XXII.-Acrilica-sobre-papel-canson-410x297mm-300g.-725x1024.jpg\" alt=\"\" class=\"wp-image-4094\" srcset=\"https:\/\/carranzapoetrypaintings.art.br\/wp-content\/uploads\/2023\/07\/2023-PPC-06-Contemplacao-XXII.-Acrilica-sobre-papel-canson-410x297mm-300g.-725x1024.jpg 725w, https:\/\/carranzapoetrypaintings.art.br\/wp-content\/uploads\/2023\/07\/2023-PPC-06-Contemplacao-XXII.-Acrilica-sobre-papel-canson-410x297mm-300g.-212x300.jpg 212w, https:\/\/carranzapoetrypaintings.art.br\/wp-content\/uploads\/2023\/07\/2023-PPC-06-Contemplacao-XXII.-Acrilica-sobre-papel-canson-410x297mm-300g.-768x1084.jpg 768w, https:\/\/carranzapoetrypaintings.art.br\/wp-content\/uploads\/2023\/07\/2023-PPC-06-Contemplacao-XXII.-Acrilica-sobre-papel-canson-410x297mm-300g.-1088x1536.jpg 1088w, https:\/\/carranzapoetrypaintings.art.br\/wp-content\/uploads\/2023\/07\/2023-PPC-06-Contemplacao-XXII.-Acrilica-sobre-papel-canson-410x297mm-300g.-1450x2048.jpg 1450w, https:\/\/carranzapoetrypaintings.art.br\/wp-content\/uploads\/2023\/07\/2023-PPC-06-Contemplacao-XXII.-Acrilica-sobre-papel-canson-410x297mm-300g.-8x12.jpg 8w, https:\/\/carranzapoetrypaintings.art.br\/wp-content\/uploads\/2023\/07\/2023-PPC-06-Contemplacao-XXII.-Acrilica-sobre-papel-canson-410x297mm-300g.-scaled.jpg 1813w\" sizes=\"auto, (max-width: 725px) 100vw, 725px\" \/><\/a><\/figure>\n\n\n\n<p class=\"has-black-color has-text-color\"><strong>Contemplation XXII <\/strong><\/p>\n\n\n\n<p><\/p>\n\n\n\n<p class=\"has-text-color\" style=\"color:#9d9d9d\">Year: 2023<\/p>\n\n\n\n<p class=\"has-text-color\" style=\"color:#9d9d9d\">Technique: Acrylic on paper, 300g<\/p>\n\n\n\n<p class=\"has-text-color\" style=\"color:#9d9d9d\">Dimensions: 42 x 29.7 cm<\/p>\n\n\n\n<div class=\"wp-block-buttons is-layout-flex wp-block-buttons-is-layout-flex\">\n<div class=\"wp-block-button\"><a class=\"wp-block-button__link has-white-color has-text-color has-background\" href=\"https:\/\/carranzapoetrypaintings.art.br\/en\/contato\/\" style=\"background-color:#787878\">PURCHASE<\/a><\/div>\n<\/div>\n\n\n\n<p><\/p>\n<\/div><\/li><li class=\"listing-item\"><div class=\"content\">\n<p><\/p>\n\n\n\n<figure class=\"wp-block-image size-large is-resized\"><a href=\"https:\/\/carranzapoetrypaintings.art.br\/wp-content\/uploads\/2023\/07\/2023-PPC-05-Contemplacao-XXI.-Acrilica-sobre-papel-canson-410x297mm-300g..jpg\"><img decoding=\"async\" src=\"https:\/\/carranzapoetrypaintings.art.br\/wp-content\/uploads\/2023\/07\/2023-PPC-05-Contemplacao-XXI.-Acrilica-sobre-papel-canson-410x297mm-300g.-738x1024.jpg\" alt=\"\" class=\"wp-image-4092\" width=\"643\" srcset=\"https:\/\/carranzapoetrypaintings.art.br\/wp-content\/uploads\/2023\/07\/2023-PPC-05-Contemplacao-XXI.-Acrilica-sobre-papel-canson-410x297mm-300g.-738x1024.jpg 738w, https:\/\/carranzapoetrypaintings.art.br\/wp-content\/uploads\/2023\/07\/2023-PPC-05-Contemplacao-XXI.-Acrilica-sobre-papel-canson-410x297mm-300g.-216x300.jpg 216w, https:\/\/carranzapoetrypaintings.art.br\/wp-content\/uploads\/2023\/07\/2023-PPC-05-Contemplacao-XXI.-Acrilica-sobre-papel-canson-410x297mm-300g.-768x1065.jpg 768w, https:\/\/carranzapoetrypaintings.art.br\/wp-content\/uploads\/2023\/07\/2023-PPC-05-Contemplacao-XXI.-Acrilica-sobre-papel-canson-410x297mm-300g.-1107x1536.jpg 1107w, https:\/\/carranzapoetrypaintings.art.br\/wp-content\/uploads\/2023\/07\/2023-PPC-05-Contemplacao-XXI.-Acrilica-sobre-papel-canson-410x297mm-300g.-1477x2048.jpg 1477w, https:\/\/carranzapoetrypaintings.art.br\/wp-content\/uploads\/2023\/07\/2023-PPC-05-Contemplacao-XXI.-Acrilica-sobre-papel-canson-410x297mm-300g.-9x12.jpg 9w, https:\/\/carranzapoetrypaintings.art.br\/wp-content\/uploads\/2023\/07\/2023-PPC-05-Contemplacao-XXI.-Acrilica-sobre-papel-canson-410x297mm-300g..jpg 1788w\" sizes=\"(max-width: 738px) 100vw, 738px\" \/><\/a><\/figure>\n\n\n\n<p class=\"has-black-color has-text-color\"><strong>Contemplation  XXI <\/strong><\/p>\n\n\n\n<p><\/p>\n\n\n\n<p class=\"has-text-color\" style=\"color:#9d9d9d\">Year: 2023<\/p>\n\n\n\n<p class=\"has-text-color\" style=\"color:#9d9d9d\">Technique: Acrylic on paper, 300g<\/p>\n\n\n\n<p class=\"has-text-color\" style=\"color:#9d9d9d\">Dimensions: 42 x 29.7 cm<\/p>\n\n\n\n<div class=\"wp-block-buttons is-layout-flex wp-block-buttons-is-layout-flex\">\n<div class=\"wp-block-button\"><a class=\"wp-block-button__link has-white-color has-text-color has-background\" href=\"https:\/\/carranzapoetrypaintings.art.br\/en\/contato\/\" style=\"background-color:#787878\">PURCHASE<\/a><\/div>\n<\/div>\n\n\n\n<p><\/p>\n<\/div><\/li><li class=\"listing-item\"><div class=\"content\">\n<p><\/p>\n\n\n\n<figure class=\"wp-block-image size-large is-resized\"><a href=\"https:\/\/carranzapoetrypaintings.art.br\/wp-content\/uploads\/2023\/07\/2023-PPC-04.-Contemplacao-XX.Acrilica-sobre-papel-canson-410x297mm-300g.-IMG_5239-copia-IMG_5592-copia-scaled.jpg\"><img decoding=\"async\" src=\"https:\/\/carranzapoetrypaintings.art.br\/wp-content\/uploads\/2023\/07\/2023-PPC-04.-Contemplacao-XX.Acrilica-sobre-papel-canson-410x297mm-300g.-IMG_5239-copia-IMG_5592-copia-717x1024.jpg\" alt=\"\" class=\"wp-image-4089\" width=\"643\" srcset=\"https:\/\/carranzapoetrypaintings.art.br\/wp-content\/uploads\/2023\/07\/2023-PPC-04.-Contemplacao-XX.Acrilica-sobre-papel-canson-410x297mm-300g.-IMG_5239-copia-IMG_5592-copia-717x1024.jpg 717w, https:\/\/carranzapoetrypaintings.art.br\/wp-content\/uploads\/2023\/07\/2023-PPC-04.-Contemplacao-XX.Acrilica-sobre-papel-canson-410x297mm-300g.-IMG_5239-copia-IMG_5592-copia-210x300.jpg 210w, https:\/\/carranzapoetrypaintings.art.br\/wp-content\/uploads\/2023\/07\/2023-PPC-04.-Contemplacao-XX.Acrilica-sobre-papel-canson-410x297mm-300g.-IMG_5239-copia-IMG_5592-copia-768x1097.jpg 768w, https:\/\/carranzapoetrypaintings.art.br\/wp-content\/uploads\/2023\/07\/2023-PPC-04.-Contemplacao-XX.Acrilica-sobre-papel-canson-410x297mm-300g.-IMG_5239-copia-IMG_5592-copia-1076x1536.jpg 1076w, https:\/\/carranzapoetrypaintings.art.br\/wp-content\/uploads\/2023\/07\/2023-PPC-04.-Contemplacao-XX.Acrilica-sobre-papel-canson-410x297mm-300g.-IMG_5239-copia-IMG_5592-copia-1434x2048.jpg 1434w, https:\/\/carranzapoetrypaintings.art.br\/wp-content\/uploads\/2023\/07\/2023-PPC-04.-Contemplacao-XX.Acrilica-sobre-papel-canson-410x297mm-300g.-IMG_5239-copia-IMG_5592-copia-8x12.jpg 8w, https:\/\/carranzapoetrypaintings.art.br\/wp-content\/uploads\/2023\/07\/2023-PPC-04.-Contemplacao-XX.Acrilica-sobre-papel-canson-410x297mm-300g.-IMG_5239-copia-IMG_5592-copia-scaled.jpg 1793w\" sizes=\"(max-width: 717px) 100vw, 717px\" \/><\/a><\/figure>\n\n\n\n<p class=\"has-black-color has-text-color\"><strong>Contemplation XX <\/strong><\/p>\n\n\n\n<p><\/p>\n\n\n\n<p class=\"has-text-color\" style=\"color:#9d9d9d\">Year: 2023<\/p>\n\n\n\n<p class=\"has-text-color\" style=\"color:#9d9d9d\">Technique: Acrylic on paper, 300g<\/p>\n\n\n\n<p class=\"has-text-color\" style=\"color:#9d9d9d\">Dimensions: 42 x 29.7 cm<\/p>\n\n\n\n<div class=\"wp-block-buttons is-layout-flex wp-block-buttons-is-layout-flex\">\n<div class=\"wp-block-button\"><a class=\"wp-block-button__link has-white-color has-text-color has-background\" href=\"https:\/\/carranzapoetrypaintings.art.br\/en\/contato\/\" style=\"background-color:#787878\">PURCHASE<\/a><\/div>\n<\/div>\n\n\n\n<p><\/p>\n<\/div><\/li><li class=\"listing-item\"><div class=\"content\">\n<p><\/p>\n\n\n\n<figure class=\"wp-block-image size-large is-resized\"><a href=\"https:\/\/carranzapoetrypaintings.art.br\/wp-content\/uploads\/2023\/07\/2023-PPC-03-Contemplacao-XIX.-Acrilica-sobre-papel-canson-410x297mm-300g..jpg\"><img decoding=\"async\" src=\"https:\/\/carranzapoetrypaintings.art.br\/wp-content\/uploads\/2023\/07\/2023-PPC-03-Contemplacao-XIX.-Acrilica-sobre-papel-canson-410x297mm-300g.-721x1024.jpg\" alt=\"\" class=\"wp-image-4087\" width=\"643\" srcset=\"https:\/\/carranzapoetrypaintings.art.br\/wp-content\/uploads\/2023\/07\/2023-PPC-03-Contemplacao-XIX.-Acrilica-sobre-papel-canson-410x297mm-300g.-721x1024.jpg 721w, https:\/\/carranzapoetrypaintings.art.br\/wp-content\/uploads\/2023\/07\/2023-PPC-03-Contemplacao-XIX.-Acrilica-sobre-papel-canson-410x297mm-300g.-211x300.jpg 211w, https:\/\/carranzapoetrypaintings.art.br\/wp-content\/uploads\/2023\/07\/2023-PPC-03-Contemplacao-XIX.-Acrilica-sobre-papel-canson-410x297mm-300g.-768x1091.jpg 768w, https:\/\/carranzapoetrypaintings.art.br\/wp-content\/uploads\/2023\/07\/2023-PPC-03-Contemplacao-XIX.-Acrilica-sobre-papel-canson-410x297mm-300g.-1081x1536.jpg 1081w, https:\/\/carranzapoetrypaintings.art.br\/wp-content\/uploads\/2023\/07\/2023-PPC-03-Contemplacao-XIX.-Acrilica-sobre-papel-canson-410x297mm-300g.-1441x2048.jpg 1441w, https:\/\/carranzapoetrypaintings.art.br\/wp-content\/uploads\/2023\/07\/2023-PPC-03-Contemplacao-XIX.-Acrilica-sobre-papel-canson-410x297mm-300g.-8x12.jpg 8w, https:\/\/carranzapoetrypaintings.art.br\/wp-content\/uploads\/2023\/07\/2023-PPC-03-Contemplacao-XIX.-Acrilica-sobre-papel-canson-410x297mm-300g..jpg 1672w\" sizes=\"(max-width: 721px) 100vw, 721px\" \/><\/a><\/figure>\n\n\n\n<p class=\"has-black-color has-text-color\"><strong>Contemplation XIX <\/strong><\/p>\n\n\n\n<p><\/p>\n\n\n\n<p class=\"has-text-color\" style=\"color:#9d9d9d\">Year: 2023<\/p>\n\n\n\n<p class=\"has-text-color\" style=\"color:#9d9d9d\">Technique: Acrylic on paper, 300g<\/p>\n\n\n\n<p class=\"has-text-color\" style=\"color:#9d9d9d\">Dimensions: 42 x 29.7 cm<\/p>\n\n\n\n<div class=\"wp-block-buttons is-layout-flex wp-block-buttons-is-layout-flex\">\n<div class=\"wp-block-button\"><a class=\"wp-block-button__link has-white-color has-text-color has-background\" href=\"https:\/\/carranzapoetrypaintings.art.br\/en\/contato\/\" style=\"background-color:#787878\">PURCHASE<\/a><\/div>\n<\/div>\n\n\n\n<p><\/p>\n<\/div><\/li><li class=\"listing-item\"><div class=\"content\">\n<p><\/p>\n\n\n\n<figure class=\"wp-block-image size-large is-resized\"><a href=\"https:\/\/carranzapoetrypaintings.art.br\/wp-content\/uploads\/2023\/07\/2023-PPC-02-Contemplacao-XVIII.Acrilica-sobre-papel-canson-410x297mm-300g.-IMG_5239-copia.jpg\"><img decoding=\"async\" src=\"https:\/\/carranzapoetrypaintings.art.br\/wp-content\/uploads\/2023\/07\/2023-PPC-02-Contemplacao-XVIII.Acrilica-sobre-papel-canson-410x297mm-300g.-IMG_5239-copia-723x1024.jpg\" alt=\"\" class=\"wp-image-4085\" width=\"643\" srcset=\"https:\/\/carranzapoetrypaintings.art.br\/wp-content\/uploads\/2023\/07\/2023-PPC-02-Contemplacao-XVIII.Acrilica-sobre-papel-canson-410x297mm-300g.-IMG_5239-copia-723x1024.jpg 723w, https:\/\/carranzapoetrypaintings.art.br\/wp-content\/uploads\/2023\/07\/2023-PPC-02-Contemplacao-XVIII.Acrilica-sobre-papel-canson-410x297mm-300g.-IMG_5239-copia-212x300.jpg 212w, https:\/\/carranzapoetrypaintings.art.br\/wp-content\/uploads\/2023\/07\/2023-PPC-02-Contemplacao-XVIII.Acrilica-sobre-papel-canson-410x297mm-300g.-IMG_5239-copia-768x1088.jpg 768w, https:\/\/carranzapoetrypaintings.art.br\/wp-content\/uploads\/2023\/07\/2023-PPC-02-Contemplacao-XVIII.Acrilica-sobre-papel-canson-410x297mm-300g.-IMG_5239-copia-1084x1536.jpg 1084w, https:\/\/carranzapoetrypaintings.art.br\/wp-content\/uploads\/2023\/07\/2023-PPC-02-Contemplacao-XVIII.Acrilica-sobre-papel-canson-410x297mm-300g.-IMG_5239-copia-8x12.jpg 8w, https:\/\/carranzapoetrypaintings.art.br\/wp-content\/uploads\/2023\/07\/2023-PPC-02-Contemplacao-XVIII.Acrilica-sobre-papel-canson-410x297mm-300g.-IMG_5239-copia.jpg 1304w\" sizes=\"(max-width: 723px) 100vw, 723px\" \/><\/a><\/figure>\n\n\n\n<p class=\"has-black-color has-text-color\"><strong>Contemplation XVIII <\/strong><\/p>\n\n\n\n<p><\/p>\n\n\n\n<p class=\"has-text-color\" style=\"color:#9d9d9d\">Year: 2023<\/p>\n\n\n\n<p class=\"has-text-color\" style=\"color:#9d9d9d\">Technique: Acrylic on paper, 300g<\/p>\n\n\n\n<p class=\"has-text-color\" style=\"color:#9d9d9d\">Dimensions: 42 x 29.7 cm<\/p>\n\n\n\n<div class=\"wp-block-buttons is-layout-flex wp-block-buttons-is-layout-flex\">\n<div class=\"wp-block-button\"><a class=\"wp-block-button__link has-white-color has-text-color has-background\" href=\"https:\/\/carranzapoetrypaintings.art.br\/en\/contato\/\" style=\"background-color:#787878\">PURCHASE<\/a><\/div>\n<\/div>\n\n\n\n<p><\/p>\n<\/div><\/li><li class=\"listing-item\"><div class=\"content\">\n<p><\/p>\n\n\n\n<figure class=\"wp-block-image size-large is-resized\"><a href=\"https:\/\/carranzapoetrypaintings.art.br\/wp-content\/uploads\/2023\/07\/2023-PPC-01-Contemplacao-XVII.-Acrilica-sobre-papel-canson-410x297mm-300g.-scaled.jpg\"><img decoding=\"async\" src=\"https:\/\/carranzapoetrypaintings.art.br\/wp-content\/uploads\/2023\/07\/2023-PPC-01-Contemplacao-XVII.-Acrilica-sobre-papel-canson-410x297mm-300g.-717x1024.jpg\" alt=\"\" class=\"wp-image-4083\" width=\"643\" srcset=\"https:\/\/carranzapoetrypaintings.art.br\/wp-content\/uploads\/2023\/07\/2023-PPC-01-Contemplacao-XVII.-Acrilica-sobre-papel-canson-410x297mm-300g.-717x1024.jpg 717w, https:\/\/carranzapoetrypaintings.art.br\/wp-content\/uploads\/2023\/07\/2023-PPC-01-Contemplacao-XVII.-Acrilica-sobre-papel-canson-410x297mm-300g.-210x300.jpg 210w, https:\/\/carranzapoetrypaintings.art.br\/wp-content\/uploads\/2023\/07\/2023-PPC-01-Contemplacao-XVII.-Acrilica-sobre-papel-canson-410x297mm-300g.-768x1096.jpg 768w, https:\/\/carranzapoetrypaintings.art.br\/wp-content\/uploads\/2023\/07\/2023-PPC-01-Contemplacao-XVII.-Acrilica-sobre-papel-canson-410x297mm-300g.-1076x1536.jpg 1076w, https:\/\/carranzapoetrypaintings.art.br\/wp-content\/uploads\/2023\/07\/2023-PPC-01-Contemplacao-XVII.-Acrilica-sobre-papel-canson-410x297mm-300g.-1435x2048.jpg 1435w, https:\/\/carranzapoetrypaintings.art.br\/wp-content\/uploads\/2023\/07\/2023-PPC-01-Contemplacao-XVII.-Acrilica-sobre-papel-canson-410x297mm-300g.-8x12.jpg 8w, https:\/\/carranzapoetrypaintings.art.br\/wp-content\/uploads\/2023\/07\/2023-PPC-01-Contemplacao-XVII.-Acrilica-sobre-papel-canson-410x297mm-300g.-scaled.jpg 1793w\" sizes=\"(max-width: 717px) 100vw, 717px\" \/><\/a><\/figure>\n\n\n\n<p class=\"has-black-color has-text-color\"><strong>Contemplation XVIII <\/strong><\/p>\n\n\n\n<p><\/p>\n\n\n\n<p class=\"has-text-color\" style=\"color:#9d9d9d\">Year: 2023<\/p>\n\n\n\n<p class=\"has-text-color\" style=\"color:#9d9d9d\">Technique: Acrylic on paper, 300g<\/p>\n\n\n\n<p class=\"has-text-color\" style=\"color:#9d9d9d\">Dimensions: 42 x 29.7 cm<\/p>\n\n\n\n<div class=\"wp-block-buttons is-layout-flex wp-block-buttons-is-layout-flex\">\n<div class=\"wp-block-button\"><a class=\"wp-block-button__link has-white-color has-text-color has-background\" href=\"https:\/\/carranzapoetrypaintings.art.br\/en\/contato\/\" style=\"background-color:#787878\">PURCHASE<\/a><\/div>\n<\/div>\n\n\n\n<p><\/p>\n<\/div><\/li><li class=\"listing-item\"><div class=\"content\">\n<p><\/p>\n\n\n\n<figure class=\"wp-block-image size-large is-resized\"><a href=\"https:\/\/carranzapoetrypaintings.art.br\/wp-content\/uploads\/2023\/07\/2022-PPC-25-Contemplacao-XVI.-Acrilica-sobre-papel-canson-410x297mm-300g.-scaled.jpg\"><img decoding=\"async\" src=\"https:\/\/carranzapoetrypaintings.art.br\/wp-content\/uploads\/2023\/07\/2022-PPC-25-Contemplacao-XVI.-Acrilica-sobre-papel-canson-410x297mm-300g.-730x1024.jpg\" alt=\"\" class=\"wp-image-4081\" width=\"643\" srcset=\"https:\/\/carranzapoetrypaintings.art.br\/wp-content\/uploads\/2023\/07\/2022-PPC-25-Contemplacao-XVI.-Acrilica-sobre-papel-canson-410x297mm-300g.-730x1024.jpg 730w, https:\/\/carranzapoetrypaintings.art.br\/wp-content\/uploads\/2023\/07\/2022-PPC-25-Contemplacao-XVI.-Acrilica-sobre-papel-canson-410x297mm-300g.-214x300.jpg 214w, https:\/\/carranzapoetrypaintings.art.br\/wp-content\/uploads\/2023\/07\/2022-PPC-25-Contemplacao-XVI.-Acrilica-sobre-papel-canson-410x297mm-300g.-768x1078.jpg 768w, https:\/\/carranzapoetrypaintings.art.br\/wp-content\/uploads\/2023\/07\/2022-PPC-25-Contemplacao-XVI.-Acrilica-sobre-papel-canson-410x297mm-300g.-1095x1536.jpg 1095w, https:\/\/carranzapoetrypaintings.art.br\/wp-content\/uploads\/2023\/07\/2022-PPC-25-Contemplacao-XVI.-Acrilica-sobre-papel-canson-410x297mm-300g.-1459x2048.jpg 1459w, https:\/\/carranzapoetrypaintings.art.br\/wp-content\/uploads\/2023\/07\/2022-PPC-25-Contemplacao-XVI.-Acrilica-sobre-papel-canson-410x297mm-300g.-9x12.jpg 9w, https:\/\/carranzapoetrypaintings.art.br\/wp-content\/uploads\/2023\/07\/2022-PPC-25-Contemplacao-XVI.-Acrilica-sobre-papel-canson-410x297mm-300g.-scaled.jpg 1824w\" sizes=\"(max-width: 730px) 100vw, 730px\" \/><\/a><\/figure>\n\n\n\n<p class=\"has-black-color has-text-color\"><strong>Contemplation XVI <\/strong><\/p>\n\n\n\n<p><\/p>\n\n\n\n<p class=\"has-text-color\" style=\"color:#9d9d9d\">Year: 2022<\/p>\n\n\n\n<p class=\"has-text-color\" style=\"color:#9d9d9d\">Technique: Acrylic on paper, 300g<\/p>\n\n\n\n<p class=\"has-text-color\" style=\"color:#9d9d9d\">Dimensions: 42 x 29.7 cm<\/p>\n\n\n\n<div class=\"wp-block-buttons is-layout-flex wp-block-buttons-is-layout-flex\">\n<div class=\"wp-block-button\"><a class=\"wp-block-button__link has-white-color has-text-color has-background\" href=\"https:\/\/carranzapoetrypaintings.art.br\/en\/contato\/\" style=\"background-color:#787878\">PURCHASE<\/a><\/div>\n<\/div>\n\n\n\n<p><\/p>\n<\/div><\/li><li class=\"listing-item\"><div class=\"content\">\n<p><\/p>\n\n\n\n<figure class=\"wp-block-image size-large is-resized\"><a href=\"https:\/\/carranzapoetrypaintings.art.br\/wp-content\/uploads\/2023\/07\/2022-PPC-24-Contemplacao-XV.Acrilica-e-nanquim-sobre-papel-canson-410x297mm-300g..jpg\"><img decoding=\"async\" src=\"https:\/\/carranzapoetrypaintings.art.br\/wp-content\/uploads\/2023\/07\/2022-PPC-24-Contemplacao-XV.Acrilica-e-nanquim-sobre-papel-canson-410x297mm-300g.-716x1024.jpg\" alt=\"\" class=\"wp-image-4079\" width=\"643\" srcset=\"https:\/\/carranzapoetrypaintings.art.br\/wp-content\/uploads\/2023\/07\/2022-PPC-24-Contemplacao-XV.Acrilica-e-nanquim-sobre-papel-canson-410x297mm-300g.-716x1024.jpg 716w, https:\/\/carranzapoetrypaintings.art.br\/wp-content\/uploads\/2023\/07\/2022-PPC-24-Contemplacao-XV.Acrilica-e-nanquim-sobre-papel-canson-410x297mm-300g.-210x300.jpg 210w, https:\/\/carranzapoetrypaintings.art.br\/wp-content\/uploads\/2023\/07\/2022-PPC-24-Contemplacao-XV.Acrilica-e-nanquim-sobre-papel-canson-410x297mm-300g.-768x1098.jpg 768w, https:\/\/carranzapoetrypaintings.art.br\/wp-content\/uploads\/2023\/07\/2022-PPC-24-Contemplacao-XV.Acrilica-e-nanquim-sobre-papel-canson-410x297mm-300g.-1074x1536.jpg 1074w, https:\/\/carranzapoetrypaintings.art.br\/wp-content\/uploads\/2023\/07\/2022-PPC-24-Contemplacao-XV.Acrilica-e-nanquim-sobre-papel-canson-410x297mm-300g.-1432x2048.jpg 1432w, https:\/\/carranzapoetrypaintings.art.br\/wp-content\/uploads\/2023\/07\/2022-PPC-24-Contemplacao-XV.Acrilica-e-nanquim-sobre-papel-canson-410x297mm-300g.-8x12.jpg 8w, https:\/\/carranzapoetrypaintings.art.br\/wp-content\/uploads\/2023\/07\/2022-PPC-24-Contemplacao-XV.Acrilica-e-nanquim-sobre-papel-canson-410x297mm-300g..jpg 1480w\" sizes=\"(max-width: 716px) 100vw, 716px\" \/><\/a><\/figure>\n\n\n\n<p class=\"has-black-color has-text-color\"><strong>Contemplation XV<\/strong> <\/p>\n\n\n\n<p class=\"has-text-color\" style=\"color:#9d9d9d\">Year: 2022<\/p>\n\n\n\n<p class=\"has-text-color\" style=\"color:#9d9d9d\">Technique: Acrylic and India ink on paper<\/p>\n\n\n\n<p class=\"has-text-color\" style=\"color:#9d9d9d\">Dimensions: 42 x 29.7 cm<\/p>\n\n\n\n<div class=\"wp-block-buttons is-layout-flex wp-block-buttons-is-layout-flex\">\n<div class=\"wp-block-button\"><a class=\"wp-block-button__link has-white-color has-text-color has-background\" href=\"https:\/\/carranzapoetrypaintings.art.br\/en\/contato\/\" style=\"background-color:#787878\">PURCHASE<\/a><\/div>\n<\/div>\n\n\n\n<p><\/p>\n<\/div><\/li><li class=\"listing-item\"><div class=\"content\">\n<p><\/p>\n\n\n\n<figure class=\"wp-block-image size-large is-resized\"><a href=\"https:\/\/carranzapoetrypaintings.art.br\/wp-content\/uploads\/2023\/07\/2022-PPC-23-Contemplacao-XIV-Diptico.-Acrilica-e-nanquim-sobre-papel-canson-410x297297mm-300g.-contagem-scaled.jpg\"><img decoding=\"async\" src=\"https:\/\/carranzapoetrypaintings.art.br\/wp-content\/uploads\/2023\/07\/2022-PPC-23-Contemplacao-XIV-Diptico.-Acrilica-e-nanquim-sobre-papel-canson-410x297297mm-300g.-contagem-1024x702.jpg\" alt=\"\" class=\"wp-image-4070\" width=\"643\" srcset=\"https:\/\/carranzapoetrypaintings.art.br\/wp-content\/uploads\/2023\/07\/2022-PPC-23-Contemplacao-XIV-Diptico.-Acrilica-e-nanquim-sobre-papel-canson-410x297297mm-300g.-contagem-1024x702.jpg 1024w, https:\/\/carranzapoetrypaintings.art.br\/wp-content\/uploads\/2023\/07\/2022-PPC-23-Contemplacao-XIV-Diptico.-Acrilica-e-nanquim-sobre-papel-canson-410x297297mm-300g.-contagem-300x206.jpg 300w, https:\/\/carranzapoetrypaintings.art.br\/wp-content\/uploads\/2023\/07\/2022-PPC-23-Contemplacao-XIV-Diptico.-Acrilica-e-nanquim-sobre-papel-canson-410x297297mm-300g.-contagem-768x527.jpg 768w, https:\/\/carranzapoetrypaintings.art.br\/wp-content\/uploads\/2023\/07\/2022-PPC-23-Contemplacao-XIV-Diptico.-Acrilica-e-nanquim-sobre-papel-canson-410x297297mm-300g.-contagem-1536x1053.jpg 1536w, https:\/\/carranzapoetrypaintings.art.br\/wp-content\/uploads\/2023\/07\/2022-PPC-23-Contemplacao-XIV-Diptico.-Acrilica-e-nanquim-sobre-papel-canson-410x297297mm-300g.-contagem-2048x1404.jpg 2048w, https:\/\/carranzapoetrypaintings.art.br\/wp-content\/uploads\/2023\/07\/2022-PPC-23-Contemplacao-XIV-Diptico.-Acrilica-e-nanquim-sobre-papel-canson-410x297297mm-300g.-contagem-18x12.jpg 18w\" sizes=\"(max-width: 1024px) 100vw, 1024px\" \/><\/a><\/figure>\n\n\n\n<p class=\"has-black-color has-text-color\"><strong>Contemplation XIV: Diptych <\/strong> <\/p>\n\n\n\n<p class=\"has-text-color\" style=\"color:#9d9d9d\">Year: 2022<\/p>\n\n\n\n<p class=\"has-text-color\" style=\"color:#9d9d9d\">Technique: Acrylic and India ink on paper<\/p>\n\n\n\n<p class=\"has-text-color\" style=\"color:#9d9d9d\">Dimensions: 42 x 59.4 cm <\/p>\n\n\n\n<div class=\"wp-block-buttons is-layout-flex wp-block-buttons-is-layout-flex\">\n<div class=\"wp-block-button\"><a class=\"wp-block-button__link has-white-color has-text-color has-background\" href=\"https:\/\/carranzapoetrypaintings.art.br\/en\/contato\/\" style=\"background-color:#787878\">PURCHASE<\/a><\/div>\n<\/div>\n\n\n\n<p><\/p>\n<\/div><\/li><li class=\"listing-item\"><div class=\"content\">\n<p><\/p>\n\n\n\n<figure class=\"wp-block-image size-large is-resized\"><a href=\"https:\/\/carranzapoetrypaintings.art.br\/wp-content\/uploads\/2023\/07\/2022-PPC-16-Contemplacao-XIII.-Acrilica-sobre-papel-canson-410x297mm-300g..jpg\"><img decoding=\"async\" src=\"https:\/\/carranzapoetrypaintings.art.br\/wp-content\/uploads\/2023\/07\/2022-PPC-16-Contemplacao-XIII.-Acrilica-sobre-papel-canson-410x297mm-300g.-712x1024.jpg\" alt=\"\" class=\"wp-image-4068\" width=\"643\" srcset=\"https:\/\/carranzapoetrypaintings.art.br\/wp-content\/uploads\/2023\/07\/2022-PPC-16-Contemplacao-XIII.-Acrilica-sobre-papel-canson-410x297mm-300g.-712x1024.jpg 712w, https:\/\/carranzapoetrypaintings.art.br\/wp-content\/uploads\/2023\/07\/2022-PPC-16-Contemplacao-XIII.-Acrilica-sobre-papel-canson-410x297mm-300g.-209x300.jpg 209w, https:\/\/carranzapoetrypaintings.art.br\/wp-content\/uploads\/2023\/07\/2022-PPC-16-Contemplacao-XIII.-Acrilica-sobre-papel-canson-410x297mm-300g.-768x1104.jpg 768w, https:\/\/carranzapoetrypaintings.art.br\/wp-content\/uploads\/2023\/07\/2022-PPC-16-Contemplacao-XIII.-Acrilica-sobre-papel-canson-410x297mm-300g.-1068x1536.jpg 1068w, https:\/\/carranzapoetrypaintings.art.br\/wp-content\/uploads\/2023\/07\/2022-PPC-16-Contemplacao-XIII.-Acrilica-sobre-papel-canson-410x297mm-300g.-1424x2048.jpg 1424w, https:\/\/carranzapoetrypaintings.art.br\/wp-content\/uploads\/2023\/07\/2022-PPC-16-Contemplacao-XIII.-Acrilica-sobre-papel-canson-410x297mm-300g.-8x12.jpg 8w, https:\/\/carranzapoetrypaintings.art.br\/wp-content\/uploads\/2023\/07\/2022-PPC-16-Contemplacao-XIII.-Acrilica-sobre-papel-canson-410x297mm-300g..jpg 1552w\" sizes=\"(max-width: 712px) 100vw, 712px\" \/><\/a><\/figure>\n\n\n\n<p class=\"has-black-color has-text-color\"><strong>Contemplation XIII<\/strong><\/p>\n\n\n\n<p class=\"has-text-color\" style=\"color:#9d9d9d\">Year: 2022<\/p>\n\n\n\n<p class=\"has-text-color\" style=\"color:#9d9d9d\">Technique: Acrylic on paper, 300g<\/p>\n\n\n\n<p class=\"has-text-color\" style=\"color:#9d9d9d\">Dimensions: 42 x 29.7 cm<\/p>\n\n\n\n<div class=\"wp-block-buttons is-layout-flex wp-block-buttons-is-layout-flex\">\n<div class=\"wp-block-button\"><a class=\"wp-block-button__link has-white-color has-text-color has-background\" href=\"https:\/\/carranzapoetrypaintings.art.br\/en\/contato\/\" style=\"background-color:#787878\">PURCHASE<\/a><\/div>\n<\/div>\n\n\n\n<p><\/p>\n<\/div><\/li><li class=\"listing-item\"><div class=\"content\">\n<p><\/p>\n\n\n\n<figure class=\"wp-block-image size-large is-resized\"><a href=\"https:\/\/carranzapoetrypaintings.art.br\/wp-content\/uploads\/2023\/07\/2022-PPC-15-Contemplacao-XII.-Acrilica-sobre-papel-canson-410x297mm-300g..jpg\"><img decoding=\"async\" src=\"https:\/\/carranzapoetrypaintings.art.br\/wp-content\/uploads\/2023\/07\/2022-PPC-15-Contemplacao-XII.-Acrilica-sobre-papel-canson-410x297mm-300g.-698x1024.jpg\" alt=\"\" class=\"wp-image-4066\" width=\"643\" srcset=\"https:\/\/carranzapoetrypaintings.art.br\/wp-content\/uploads\/2023\/07\/2022-PPC-15-Contemplacao-XII.-Acrilica-sobre-papel-canson-410x297mm-300g.-698x1024.jpg 698w, https:\/\/carranzapoetrypaintings.art.br\/wp-content\/uploads\/2023\/07\/2022-PPC-15-Contemplacao-XII.-Acrilica-sobre-papel-canson-410x297mm-300g.-205x300.jpg 205w, https:\/\/carranzapoetrypaintings.art.br\/wp-content\/uploads\/2023\/07\/2022-PPC-15-Contemplacao-XII.-Acrilica-sobre-papel-canson-410x297mm-300g.-768x1127.jpg 768w, https:\/\/carranzapoetrypaintings.art.br\/wp-content\/uploads\/2023\/07\/2022-PPC-15-Contemplacao-XII.-Acrilica-sobre-papel-canson-410x297mm-300g.-1047x1536.jpg 1047w, https:\/\/carranzapoetrypaintings.art.br\/wp-content\/uploads\/2023\/07\/2022-PPC-15-Contemplacao-XII.-Acrilica-sobre-papel-canson-410x297mm-300g.-8x12.jpg 8w, https:\/\/carranzapoetrypaintings.art.br\/wp-content\/uploads\/2023\/07\/2022-PPC-15-Contemplacao-XII.-Acrilica-sobre-papel-canson-410x297mm-300g..jpg 1388w\" sizes=\"(max-width: 698px) 100vw, 698px\" \/><\/a><\/figure>\n\n\n\n<p class=\"has-black-color has-text-color\"><strong>Contemplation XII<\/strong><\/p>\n\n\n\n<p class=\"has-text-color\" style=\"color:#9d9d9d\">Year: 2022<\/p>\n\n\n\n<p class=\"has-text-color\" style=\"color:#9d9d9d\">Technique: Acrylic on paper, 300g<\/p>\n\n\n\n<p class=\"has-text-color\" style=\"color:#9d9d9d\">Dimensions: 42 x 29.7 cm<\/p>\n\n\n\n<div class=\"wp-block-buttons is-layout-flex wp-block-buttons-is-layout-flex\">\n<div class=\"wp-block-button\"><a class=\"wp-block-button__link has-white-color has-text-color has-background\" href=\"https:\/\/carranzapoetrypaintings.art.br\/en\/contato\/\" style=\"background-color:#787878\">PURCHASE<\/a><\/div>\n<\/div>\n\n\n\n<p><\/p>\n<\/div><\/li><li class=\"listing-item\"><div class=\"content\">\n<p><\/p>\n\n\n\n<figure class=\"wp-block-image size-large is-resized\"><a href=\"https:\/\/carranzapoetrypaintings.art.br\/wp-content\/uploads\/2023\/07\/2022-PPC-14-Contemplacao-XI.-Acrilica-sobre-papel-canson-410x297mm-300g.-IMG_5231-1.jpg\"><img decoding=\"async\" src=\"https:\/\/carranzapoetrypaintings.art.br\/wp-content\/uploads\/2023\/07\/2022-PPC-14-Contemplacao-XI.-Acrilica-sobre-papel-canson-410x297mm-300g.-IMG_5231-1-708x1024.jpg\" alt=\"\" class=\"wp-image-4064\" width=\"643\" srcset=\"https:\/\/carranzapoetrypaintings.art.br\/wp-content\/uploads\/2023\/07\/2022-PPC-14-Contemplacao-XI.-Acrilica-sobre-papel-canson-410x297mm-300g.-IMG_5231-1-708x1024.jpg 708w, https:\/\/carranzapoetrypaintings.art.br\/wp-content\/uploads\/2023\/07\/2022-PPC-14-Contemplacao-XI.-Acrilica-sobre-papel-canson-410x297mm-300g.-IMG_5231-1-208x300.jpg 208w, https:\/\/carranzapoetrypaintings.art.br\/wp-content\/uploads\/2023\/07\/2022-PPC-14-Contemplacao-XI.-Acrilica-sobre-papel-canson-410x297mm-300g.-IMG_5231-1-768x1110.jpg 768w, https:\/\/carranzapoetrypaintings.art.br\/wp-content\/uploads\/2023\/07\/2022-PPC-14-Contemplacao-XI.-Acrilica-sobre-papel-canson-410x297mm-300g.-IMG_5231-1-1063x1536.jpg 1063w, https:\/\/carranzapoetrypaintings.art.br\/wp-content\/uploads\/2023\/07\/2022-PPC-14-Contemplacao-XI.-Acrilica-sobre-papel-canson-410x297mm-300g.-IMG_5231-1-1417x2048.jpg 1417w, https:\/\/carranzapoetrypaintings.art.br\/wp-content\/uploads\/2023\/07\/2022-PPC-14-Contemplacao-XI.-Acrilica-sobre-papel-canson-410x297mm-300g.-IMG_5231-1-8x12.jpg 8w, https:\/\/carranzapoetrypaintings.art.br\/wp-content\/uploads\/2023\/07\/2022-PPC-14-Contemplacao-XI.-Acrilica-sobre-papel-canson-410x297mm-300g.-IMG_5231-1.jpg 1437w\" sizes=\"(max-width: 708px) 100vw, 708px\" \/><\/a><\/figure>\n\n\n\n<p class=\"has-black-color has-text-color\"><strong>Contemplation XI<\/strong><\/p>\n\n\n\n<p class=\"has-text-color\" style=\"color:#9d9d9d\">Year: 2022<\/p>\n\n\n\n<p class=\"has-text-color\" style=\"color:#9d9d9d\">Technique: Acrylic on paper, 300g<\/p>\n\n\n\n<p class=\"has-text-color\" style=\"color:#9d9d9d\">Dimensions: 42 x 29.7 cm<\/p>\n\n\n\n<div class=\"wp-block-buttons is-layout-flex wp-block-buttons-is-layout-flex\">\n<div class=\"wp-block-button\"><a class=\"wp-block-button__link has-white-color has-text-color has-background\" href=\"https:\/\/carranzapoetrypaintings.art.br\/en\/contato\/\" style=\"background-color:#787878\">PURCHASE<\/a><\/div>\n<\/div>\n\n\n\n<p><\/p>\n<\/div><\/li><li class=\"listing-item\"><div class=\"content\">\n<p><\/p>\n\n\n\n<figure class=\"wp-block-image size-large is-resized\"><a href=\"https:\/\/carranzapoetrypaintings.art.br\/wp-content\/uploads\/2023\/07\/2022-PPC-13-Contemplacao-X.-Acrilica-sobre-papel-canson-410x297mm-300g.-IMG_5230.jpg\"><img decoding=\"async\" src=\"https:\/\/carranzapoetrypaintings.art.br\/wp-content\/uploads\/2023\/07\/2022-PPC-13-Contemplacao-X.-Acrilica-sobre-papel-canson-410x297mm-300g.-IMG_5230-730x1024.jpg\" alt=\"\" class=\"wp-image-4061\" width=\"643\" srcset=\"https:\/\/carranzapoetrypaintings.art.br\/wp-content\/uploads\/2023\/07\/2022-PPC-13-Contemplacao-X.-Acrilica-sobre-papel-canson-410x297mm-300g.-IMG_5230-730x1024.jpg 730w, https:\/\/carranzapoetrypaintings.art.br\/wp-content\/uploads\/2023\/07\/2022-PPC-13-Contemplacao-X.-Acrilica-sobre-papel-canson-410x297mm-300g.-IMG_5230-214x300.jpg 214w, https:\/\/carranzapoetrypaintings.art.br\/wp-content\/uploads\/2023\/07\/2022-PPC-13-Contemplacao-X.-Acrilica-sobre-papel-canson-410x297mm-300g.-IMG_5230-768x1077.jpg 768w, https:\/\/carranzapoetrypaintings.art.br\/wp-content\/uploads\/2023\/07\/2022-PPC-13-Contemplacao-X.-Acrilica-sobre-papel-canson-410x297mm-300g.-IMG_5230-1095x1536.jpg 1095w, https:\/\/carranzapoetrypaintings.art.br\/wp-content\/uploads\/2023\/07\/2022-PPC-13-Contemplacao-X.-Acrilica-sobre-papel-canson-410x297mm-300g.-IMG_5230-9x12.jpg 9w, https:\/\/carranzapoetrypaintings.art.br\/wp-content\/uploads\/2023\/07\/2022-PPC-13-Contemplacao-X.-Acrilica-sobre-papel-canson-410x297mm-300g.-IMG_5230.jpg 1370w\" sizes=\"(max-width: 730px) 100vw, 730px\" \/><\/a><\/figure>\n\n\n\n<p class=\"has-black-color has-text-color\"><strong>Contemplation X<\/strong><\/p>\n\n\n\n<p class=\"has-text-color\" style=\"color:#9d9d9d\">Year: 2022<\/p>\n\n\n\n<p class=\"has-text-color\" style=\"color:#9d9d9d\">Technique: Acrylic on paper, 300g<\/p>\n\n\n\n<p class=\"has-text-color\" style=\"color:#9d9d9d\">Dimensions: 42 x 29.7 cm<\/p>\n\n\n\n<div class=\"wp-block-buttons is-layout-flex wp-block-buttons-is-layout-flex\">\n<div class=\"wp-block-button\"><a class=\"wp-block-button__link has-white-color has-text-color has-background\" href=\"https:\/\/carranzapoetrypaintings.art.br\/en\/contato\/\" style=\"background-color:#787878\">PURCHASE<\/a><\/div>\n<\/div>\n\n\n\n<p><\/p>\n<\/div><\/li><li class=\"listing-item\"><div class=\"content\">\n<p><\/p>\n\n\n\n<figure class=\"wp-block-image size-large is-resized\"><a href=\"https:\/\/carranzapoetrypaintings.art.br\/wp-content\/uploads\/2023\/07\/2022-PPC-12-Contemplacao-IX.-Acrilica-sobre-papel-canson-410x297mm-300g.-IMG_5224.jpg\"><img decoding=\"async\" src=\"https:\/\/carranzapoetrypaintings.art.br\/wp-content\/uploads\/2023\/07\/2022-PPC-12-Contemplacao-IX.-Acrilica-sobre-papel-canson-410x297mm-300g.-IMG_5224-726x1024.jpg\" alt=\"\" class=\"wp-image-4059\" width=\"643\" srcset=\"https:\/\/carranzapoetrypaintings.art.br\/wp-content\/uploads\/2023\/07\/2022-PPC-12-Contemplacao-IX.-Acrilica-sobre-papel-canson-410x297mm-300g.-IMG_5224-726x1024.jpg 726w, https:\/\/carranzapoetrypaintings.art.br\/wp-content\/uploads\/2023\/07\/2022-PPC-12-Contemplacao-IX.-Acrilica-sobre-papel-canson-410x297mm-300g.-IMG_5224-213x300.jpg 213w, https:\/\/carranzapoetrypaintings.art.br\/wp-content\/uploads\/2023\/07\/2022-PPC-12-Contemplacao-IX.-Acrilica-sobre-papel-canson-410x297mm-300g.-IMG_5224-768x1084.jpg 768w, https:\/\/carranzapoetrypaintings.art.br\/wp-content\/uploads\/2023\/07\/2022-PPC-12-Contemplacao-IX.-Acrilica-sobre-papel-canson-410x297mm-300g.-IMG_5224-1089x1536.jpg 1089w, https:\/\/carranzapoetrypaintings.art.br\/wp-content\/uploads\/2023\/07\/2022-PPC-12-Contemplacao-IX.-Acrilica-sobre-papel-canson-410x297mm-300g.-IMG_5224-9x12.jpg 9w, https:\/\/carranzapoetrypaintings.art.br\/wp-content\/uploads\/2023\/07\/2022-PPC-12-Contemplacao-IX.-Acrilica-sobre-papel-canson-410x297mm-300g.-IMG_5224.jpg 1321w\" sizes=\"(max-width: 726px) 100vw, 726px\" \/><\/a><\/figure>\n\n\n\n<p class=\"has-black-color has-text-color\"><strong>Contemplation IX<\/strong><\/p>\n\n\n\n<p class=\"has-text-color\" style=\"color:#9d9d9d\">Year: 2022<\/p>\n\n\n\n<p class=\"has-text-color\" style=\"color:#9d9d9d\">Technique: Acrylic on paper, 300g<\/p>\n\n\n\n<p class=\"has-text-color\" style=\"color:#9d9d9d\">Dimensions: 42 x 29.7 cm<\/p>\n\n\n\n<div class=\"wp-block-buttons is-layout-flex wp-block-buttons-is-layout-flex\">\n<div class=\"wp-block-button\"><a class=\"wp-block-button__link has-white-color has-text-color has-background\" href=\"https:\/\/carranzapoetrypaintings.art.br\/en\/contato\/\" style=\"background-color:#787878\">PURCHASE<\/a><\/div>\n<\/div>\n\n\n\n<p><\/p>\n<\/div><\/li><li class=\"listing-item\"><div class=\"content\">\n<p><\/p>\n\n\n\n<figure class=\"wp-block-image size-large is-resized\"><a href=\"https:\/\/carranzapoetrypaintings.art.br\/wp-content\/uploads\/2023\/07\/2022-PPC-11-Contemplacao-VIII.-Acrilica-sobre-papel-canson-410x297mm-300g.-IMG_5218-1.jpg\"><img decoding=\"async\" src=\"https:\/\/carranzapoetrypaintings.art.br\/wp-content\/uploads\/2023\/07\/2022-PPC-11-Contemplacao-VIII.-Acrilica-sobre-papel-canson-410x297mm-300g.-IMG_5218-1-717x1024.jpg\" alt=\"\" class=\"wp-image-4057\" width=\"643\" srcset=\"https:\/\/carranzapoetrypaintings.art.br\/wp-content\/uploads\/2023\/07\/2022-PPC-11-Contemplacao-VIII.-Acrilica-sobre-papel-canson-410x297mm-300g.-IMG_5218-1-717x1024.jpg 717w, https:\/\/carranzapoetrypaintings.art.br\/wp-content\/uploads\/2023\/07\/2022-PPC-11-Contemplacao-VIII.-Acrilica-sobre-papel-canson-410x297mm-300g.-IMG_5218-1-210x300.jpg 210w, https:\/\/carranzapoetrypaintings.art.br\/wp-content\/uploads\/2023\/07\/2022-PPC-11-Contemplacao-VIII.-Acrilica-sobre-papel-canson-410x297mm-300g.-IMG_5218-1-768x1097.jpg 768w, https:\/\/carranzapoetrypaintings.art.br\/wp-content\/uploads\/2023\/07\/2022-PPC-11-Contemplacao-VIII.-Acrilica-sobre-papel-canson-410x297mm-300g.-IMG_5218-1-1075x1536.jpg 1075w, https:\/\/carranzapoetrypaintings.art.br\/wp-content\/uploads\/2023\/07\/2022-PPC-11-Contemplacao-VIII.-Acrilica-sobre-papel-canson-410x297mm-300g.-IMG_5218-1-8x12.jpg 8w, https:\/\/carranzapoetrypaintings.art.br\/wp-content\/uploads\/2023\/07\/2022-PPC-11-Contemplacao-VIII.-Acrilica-sobre-papel-canson-410x297mm-300g.-IMG_5218-1.jpg 1293w\" sizes=\"(max-width: 717px) 100vw, 717px\" \/><\/a><\/figure>\n\n\n\n<p class=\"has-black-color has-text-color\"><strong>Contemplation VIII<\/strong><\/p>\n\n\n\n<p class=\"has-text-color\" style=\"color:#9d9d9d\">Year: 2022<\/p>\n\n\n\n<p class=\"has-text-color\" style=\"color:#9d9d9d\">Technique: Acrylic on paper, 300g<\/p>\n\n\n\n<p class=\"has-text-color\" style=\"color:#9d9d9d\">Dimensions: 42 x 29.7 cm<\/p>\n\n\n\n<div class=\"wp-block-buttons is-layout-flex wp-block-buttons-is-layout-flex\">\n<div class=\"wp-block-button\"><a class=\"wp-block-button__link has-white-color has-text-color has-background\" href=\"https:\/\/carranzapoetrypaintings.art.br\/en\/contato\/\" style=\"background-color:#787878\">PURCHASE<\/a><\/div>\n<\/div>\n\n\n\n<p><\/p>\n<\/div><\/li><li class=\"listing-item\"><div class=\"content\">\n<p><\/p>\n\n\n\n<figure class=\"wp-block-image size-full is-resized\"><a href=\"https:\/\/carranzapoetrypaintings.art.br\/wp-content\/uploads\/2023\/03\/2022-PPC-10-Contemplacao-VII.-Acrilica-sobre-papel-canson-410x297mm-300g.-IMG_5212.jpg\"><img decoding=\"async\" src=\"https:\/\/carranzapoetrypaintings.art.br\/wp-content\/uploads\/2023\/03\/2022-PPC-10-Contemplacao-VII.-Acrilica-sobre-papel-canson-410x297mm-300g.-IMG_5212.jpg\" alt=\"\" class=\"wp-image-3107\" width=\"643\" srcset=\"https:\/\/carranzapoetrypaintings.art.br\/wp-content\/uploads\/2023\/03\/2022-PPC-10-Contemplacao-VII.-Acrilica-sobre-papel-canson-410x297mm-300g.-IMG_5212.jpg 1432w, https:\/\/carranzapoetrypaintings.art.br\/wp-content\/uploads\/2023\/03\/2022-PPC-10-Contemplacao-VII.-Acrilica-sobre-papel-canson-410x297mm-300g.-IMG_5212-211x300.jpg 211w, https:\/\/carranzapoetrypaintings.art.br\/wp-content\/uploads\/2023\/03\/2022-PPC-10-Contemplacao-VII.-Acrilica-sobre-papel-canson-410x297mm-300g.-IMG_5212-719x1024.jpg 719w, https:\/\/carranzapoetrypaintings.art.br\/wp-content\/uploads\/2023\/03\/2022-PPC-10-Contemplacao-VII.-Acrilica-sobre-papel-canson-410x297mm-300g.-IMG_5212-768x1094.jpg 768w, https:\/\/carranzapoetrypaintings.art.br\/wp-content\/uploads\/2023\/03\/2022-PPC-10-Contemplacao-VII.-Acrilica-sobre-papel-canson-410x297mm-300g.-IMG_5212-1078x1536.jpg 1078w, https:\/\/carranzapoetrypaintings.art.br\/wp-content\/uploads\/2023\/03\/2022-PPC-10-Contemplacao-VII.-Acrilica-sobre-papel-canson-410x297mm-300g.-IMG_5212-8x12.jpg 8w\" sizes=\"(max-width: 1432px) 100vw, 1432px\" \/><\/a><\/figure>\n\n\n\n<p class=\"has-black-color has-text-color\"><strong>Contemplation VII<\/strong><\/p>\n\n\n\n<p class=\"has-text-color\" style=\"color:#9d9d9d\">Year: 2022<\/p>\n\n\n\n<p class=\"has-text-color\" style=\"color:#9d9d9d\">Technique: Acrylic on paper, 300g<\/p>\n\n\n\n<p class=\"has-text-color\" style=\"color:#9d9d9d\">Dimensions: 42 x 29.7 cm<\/p>\n\n\n\n<div class=\"wp-block-buttons is-layout-flex wp-block-buttons-is-layout-flex\">\n<div class=\"wp-block-button\"><a class=\"wp-block-button__link has-white-color has-text-color has-background\" href=\"https:\/\/carranzapoetrypaintings.art.br\/en\/contato\/\" style=\"background-color:#787878\">PURCHASE<\/a><\/div>\n<\/div>\n\n\n\n<p><\/p>\n<\/div><\/li><li class=\"listing-item\"><div class=\"content\">\n<p><\/p>\n\n\n\n<figure class=\"wp-block-image size-large is-resized\"><a href=\"https:\/\/carranzapoetrypaintings.art.br\/wp-content\/uploads\/2023\/07\/2022-PPC-09-Contemplacao-VI.-Acrilica-sobre-papel-canson-410x297mm-300g.-IMG_5202-1.jpg\"><img decoding=\"async\" src=\"https:\/\/carranzapoetrypaintings.art.br\/wp-content\/uploads\/2023\/07\/2022-PPC-09-Contemplacao-VI.-Acrilica-sobre-papel-canson-410x297mm-300g.-IMG_5202-1-709x1024.jpg\" alt=\"\" class=\"wp-image-4054\" width=\"643\" srcset=\"https:\/\/carranzapoetrypaintings.art.br\/wp-content\/uploads\/2023\/07\/2022-PPC-09-Contemplacao-VI.-Acrilica-sobre-papel-canson-410x297mm-300g.-IMG_5202-1-709x1024.jpg 709w, https:\/\/carranzapoetrypaintings.art.br\/wp-content\/uploads\/2023\/07\/2022-PPC-09-Contemplacao-VI.-Acrilica-sobre-papel-canson-410x297mm-300g.-IMG_5202-1-208x300.jpg 208w, https:\/\/carranzapoetrypaintings.art.br\/wp-content\/uploads\/2023\/07\/2022-PPC-09-Contemplacao-VI.-Acrilica-sobre-papel-canson-410x297mm-300g.-IMG_5202-1-768x1109.jpg 768w, https:\/\/carranzapoetrypaintings.art.br\/wp-content\/uploads\/2023\/07\/2022-PPC-09-Contemplacao-VI.-Acrilica-sobre-papel-canson-410x297mm-300g.-IMG_5202-1-1064x1536.jpg 1064w, https:\/\/carranzapoetrypaintings.art.br\/wp-content\/uploads\/2023\/07\/2022-PPC-09-Contemplacao-VI.-Acrilica-sobre-papel-canson-410x297mm-300g.-IMG_5202-1-1418x2048.jpg 1418w, https:\/\/carranzapoetrypaintings.art.br\/wp-content\/uploads\/2023\/07\/2022-PPC-09-Contemplacao-VI.-Acrilica-sobre-papel-canson-410x297mm-300g.-IMG_5202-1-8x12.jpg 8w, https:\/\/carranzapoetrypaintings.art.br\/wp-content\/uploads\/2023\/07\/2022-PPC-09-Contemplacao-VI.-Acrilica-sobre-papel-canson-410x297mm-300g.-IMG_5202-1.jpg 1437w\" sizes=\"(max-width: 709px) 100vw, 709px\" \/><\/a><\/figure>\n\n\n\n<p class=\"has-black-color has-text-color\"><strong>Contemplation VI<\/strong><\/p>\n\n\n\n<p class=\"has-text-color\" style=\"color:#9d9d9d\">Year: 2022<\/p>\n\n\n\n<p class=\"has-text-color\" style=\"color:#9d9d9d\">Technique: Acrylic on paper, 300g<\/p>\n\n\n\n<p class=\"has-text-color\" style=\"color:#9d9d9d\">Dimensions: 42 x 29.7 cm<\/p>\n\n\n\n<div class=\"wp-block-buttons is-layout-flex wp-block-buttons-is-layout-flex\">\n<div class=\"wp-block-button\"><a class=\"wp-block-button__link has-white-color has-text-color has-background\" href=\"https:\/\/carranzapoetrypaintings.art.br\/en\/contato\/\" style=\"background-color:#787878\">PURCHASE<\/a><\/div>\n<\/div>\n\n\n\n<p><\/p>\n<\/div><\/li><li class=\"listing-item\"><div class=\"content\">\n<p><\/p>\n\n\n\n<figure class=\"wp-block-image size-large is-resized\"><a href=\"https:\/\/carranzapoetrypaintings.art.br\/wp-content\/uploads\/2023\/07\/2022-PPC-08-Contemplacao-V.-Acrilica-sobre-papel-canson-410x297mm-300g.-IMG_5201.jpg\"><img decoding=\"async\" src=\"https:\/\/carranzapoetrypaintings.art.br\/wp-content\/uploads\/2023\/07\/2022-PPC-08-Contemplacao-V.-Acrilica-sobre-papel-canson-410x297mm-300g.-IMG_5201-717x1024.jpg\" alt=\"\" class=\"wp-image-4050\" width=\"643\" srcset=\"https:\/\/carranzapoetrypaintings.art.br\/wp-content\/uploads\/2023\/07\/2022-PPC-08-Contemplacao-V.-Acrilica-sobre-papel-canson-410x297mm-300g.-IMG_5201-717x1024.jpg 717w, https:\/\/carranzapoetrypaintings.art.br\/wp-content\/uploads\/2023\/07\/2022-PPC-08-Contemplacao-V.-Acrilica-sobre-papel-canson-410x297mm-300g.-IMG_5201-210x300.jpg 210w, https:\/\/carranzapoetrypaintings.art.br\/wp-content\/uploads\/2023\/07\/2022-PPC-08-Contemplacao-V.-Acrilica-sobre-papel-canson-410x297mm-300g.-IMG_5201-768x1096.jpg 768w, https:\/\/carranzapoetrypaintings.art.br\/wp-content\/uploads\/2023\/07\/2022-PPC-08-Contemplacao-V.-Acrilica-sobre-papel-canson-410x297mm-300g.-IMG_5201-1076x1536.jpg 1076w, https:\/\/carranzapoetrypaintings.art.br\/wp-content\/uploads\/2023\/07\/2022-PPC-08-Contemplacao-V.-Acrilica-sobre-papel-canson-410x297mm-300g.-IMG_5201-8x12.jpg 8w, https:\/\/carranzapoetrypaintings.art.br\/wp-content\/uploads\/2023\/07\/2022-PPC-08-Contemplacao-V.-Acrilica-sobre-papel-canson-410x297mm-300g.-IMG_5201.jpg 1357w\" sizes=\"(max-width: 717px) 100vw, 717px\" \/><\/a><\/figure>\n\n\n\n<p class=\"has-black-color has-text-color\"><strong>Contemplation V<\/strong><\/p>\n\n\n\n<p class=\"has-text-color\" style=\"color:#9d9d9d\">Year: 2022<\/p>\n\n\n\n<p class=\"has-text-color\" style=\"color:#9d9d9d\">Technique: Acrylic on paper, 300g<\/p>\n\n\n\n<p class=\"has-text-color\" style=\"color:#9d9d9d\">Dimensions: 42 x 29.7 cm<\/p>\n\n\n\n<div class=\"wp-block-buttons is-layout-flex wp-block-buttons-is-layout-flex\">\n<div class=\"wp-block-button\"><a class=\"wp-block-button__link has-white-color has-text-color has-background\" href=\"https:\/\/carranzapoetrypaintings.art.br\/en\/contato\/\" style=\"background-color:#787878\">PURCHASE<\/a><\/div>\n<\/div>\n\n\n\n<p><\/p>\n<\/div><\/li><li class=\"listing-item\"><div class=\"content\">\n<p><\/p>\n\n\n\n<figure class=\"wp-block-image size-large is-resized\"><a href=\"https:\/\/carranzapoetrypaintings.art.br\/wp-content\/uploads\/2023\/07\/2022-PPC-07-Contemplacao-IV.-Acrilica-sobre-papel-canson-410x297mm-300g.-scaled.jpg\"><img decoding=\"async\" src=\"https:\/\/carranzapoetrypaintings.art.br\/wp-content\/uploads\/2023\/07\/2022-PPC-07-Contemplacao-IV.-Acrilica-sobre-papel-canson-410x297mm-300g.-709x1024.jpg\" alt=\"\" class=\"wp-image-4048\" width=\"643\" srcset=\"https:\/\/carranzapoetrypaintings.art.br\/wp-content\/uploads\/2023\/07\/2022-PPC-07-Contemplacao-IV.-Acrilica-sobre-papel-canson-410x297mm-300g.-709x1024.jpg 709w, https:\/\/carranzapoetrypaintings.art.br\/wp-content\/uploads\/2023\/07\/2022-PPC-07-Contemplacao-IV.-Acrilica-sobre-papel-canson-410x297mm-300g.-208x300.jpg 208w, https:\/\/carranzapoetrypaintings.art.br\/wp-content\/uploads\/2023\/07\/2022-PPC-07-Contemplacao-IV.-Acrilica-sobre-papel-canson-410x297mm-300g.-768x1109.jpg 768w, https:\/\/carranzapoetrypaintings.art.br\/wp-content\/uploads\/2023\/07\/2022-PPC-07-Contemplacao-IV.-Acrilica-sobre-papel-canson-410x297mm-300g.-1064x1536.jpg 1064w, https:\/\/carranzapoetrypaintings.art.br\/wp-content\/uploads\/2023\/07\/2022-PPC-07-Contemplacao-IV.-Acrilica-sobre-papel-canson-410x297mm-300g.-1418x2048.jpg 1418w, https:\/\/carranzapoetrypaintings.art.br\/wp-content\/uploads\/2023\/07\/2022-PPC-07-Contemplacao-IV.-Acrilica-sobre-papel-canson-410x297mm-300g.-8x12.jpg 8w, https:\/\/carranzapoetrypaintings.art.br\/wp-content\/uploads\/2023\/07\/2022-PPC-07-Contemplacao-IV.-Acrilica-sobre-papel-canson-410x297mm-300g.-scaled.jpg 1773w\" sizes=\"(max-width: 709px) 100vw, 709px\" \/><\/a><\/figure>\n\n\n\n<p class=\"has-black-color has-text-color\"><strong>Contemplation IV<\/strong><\/p>\n\n\n\n<p class=\"has-text-color\" style=\"color:#9d9d9d\">Year: 2022<\/p>\n\n\n\n<p class=\"has-text-color\" style=\"color:#9d9d9d\">Technique: Acrylic on paper, 300g<\/p>\n\n\n\n<p class=\"has-text-color\" style=\"color:#9d9d9d\">Dimensions: 42 x 29.7 cm<\/p>\n\n\n\n<div class=\"wp-block-buttons is-layout-flex wp-block-buttons-is-layout-flex\">\n<div class=\"wp-block-button\"><a class=\"wp-block-button__link has-white-color has-text-color has-background\" href=\"https:\/\/carranzapoetrypaintings.art.br\/en\/contato\/\" style=\"background-color:#787878\">PURCHASE<\/a><\/div>\n<\/div>\n\n\n\n<p><\/p>\n<\/div><\/li><li class=\"listing-item\"><div class=\"content\">\n<p><\/p>\n\n\n\n<figure class=\"wp-block-image size-large is-resized\"><a href=\"https:\/\/carranzapoetrypaintings.art.br\/wp-content\/uploads\/2023\/07\/2022-PPC-06-Contemplacao-III.-Acrilica-sobre-papel-canson-410x297mm-300g.-scaled.jpg\"><img decoding=\"async\" src=\"https:\/\/carranzapoetrypaintings.art.br\/wp-content\/uploads\/2023\/07\/2022-PPC-06-Contemplacao-III.-Acrilica-sobre-papel-canson-410x297mm-300g.-682x1024.jpg\" alt=\"\" class=\"wp-image-4043\" width=\"643\" srcset=\"https:\/\/carranzapoetrypaintings.art.br\/wp-content\/uploads\/2023\/07\/2022-PPC-06-Contemplacao-III.-Acrilica-sobre-papel-canson-410x297mm-300g.-682x1024.jpg 682w, https:\/\/carranzapoetrypaintings.art.br\/wp-content\/uploads\/2023\/07\/2022-PPC-06-Contemplacao-III.-Acrilica-sobre-papel-canson-410x297mm-300g.-200x300.jpg 200w, https:\/\/carranzapoetrypaintings.art.br\/wp-content\/uploads\/2023\/07\/2022-PPC-06-Contemplacao-III.-Acrilica-sobre-papel-canson-410x297mm-300g.-768x1153.jpg 768w, https:\/\/carranzapoetrypaintings.art.br\/wp-content\/uploads\/2023\/07\/2022-PPC-06-Contemplacao-III.-Acrilica-sobre-papel-canson-410x297mm-300g.-1023x1536.jpg 1023w, https:\/\/carranzapoetrypaintings.art.br\/wp-content\/uploads\/2023\/07\/2022-PPC-06-Contemplacao-III.-Acrilica-sobre-papel-canson-410x297mm-300g.-1364x2048.jpg 1364w, https:\/\/carranzapoetrypaintings.art.br\/wp-content\/uploads\/2023\/07\/2022-PPC-06-Contemplacao-III.-Acrilica-sobre-papel-canson-410x297mm-300g.-8x12.jpg 8w, https:\/\/carranzapoetrypaintings.art.br\/wp-content\/uploads\/2023\/07\/2022-PPC-06-Contemplacao-III.-Acrilica-sobre-papel-canson-410x297mm-300g.-scaled.jpg 1705w\" sizes=\"(max-width: 682px) 100vw, 682px\" \/><\/a><\/figure>\n\n\n\n<p class=\"has-black-color has-text-color\"><strong>Contemplation III<\/strong><\/p>\n\n\n\n<p class=\"has-text-color\" style=\"color:#9d9d9d\">Year: 2022<\/p>\n\n\n\n<p class=\"has-text-color\" style=\"color:#9d9d9d\">Technique: Acrylic on paper, 300g<\/p>\n\n\n\n<p class=\"has-text-color\" style=\"color:#9d9d9d\">Dimensions: 42 x 29.7 cm<\/p>\n\n\n\n<div class=\"wp-block-buttons is-layout-flex wp-block-buttons-is-layout-flex\">\n<div class=\"wp-block-button\"><a class=\"wp-block-button__link has-white-color has-text-color has-background\" href=\"https:\/\/carranzapoetrypaintings.art.br\/en\/contato\/\" style=\"background-color:#787878\">PURCHASE<\/a><\/div>\n<\/div>\n\n\n\n<p><\/p>\n<\/div><\/li><li class=\"listing-item\"><div class=\"content\">\n<p><\/p>\n\n\n\n<figure class=\"wp-block-image size-large is-resized\"><a href=\"https:\/\/carranzapoetrypaintings.art.br\/wp-content\/uploads\/2023\/07\/2022-PPC-05-Contemplacao-II.-Acrilica-sobre-papel-canson-410x297mm-300g.-scaled.jpg\"><img decoding=\"async\" src=\"https:\/\/carranzapoetrypaintings.art.br\/wp-content\/uploads\/2023\/07\/2022-PPC-05-Contemplacao-II.-Acrilica-sobre-papel-canson-410x297mm-300g.-686x1024.jpg\" alt=\"\" class=\"wp-image-4041\" width=\"643\" srcset=\"https:\/\/carranzapoetrypaintings.art.br\/wp-content\/uploads\/2023\/07\/2022-PPC-05-Contemplacao-II.-Acrilica-sobre-papel-canson-410x297mm-300g.-686x1024.jpg 686w, https:\/\/carranzapoetrypaintings.art.br\/wp-content\/uploads\/2023\/07\/2022-PPC-05-Contemplacao-II.-Acrilica-sobre-papel-canson-410x297mm-300g.-201x300.jpg 201w, https:\/\/carranzapoetrypaintings.art.br\/wp-content\/uploads\/2023\/07\/2022-PPC-05-Contemplacao-II.-Acrilica-sobre-papel-canson-410x297mm-300g.-768x1146.jpg 768w, https:\/\/carranzapoetrypaintings.art.br\/wp-content\/uploads\/2023\/07\/2022-PPC-05-Contemplacao-II.-Acrilica-sobre-papel-canson-410x297mm-300g.-1029x1536.jpg 1029w, https:\/\/carranzapoetrypaintings.art.br\/wp-content\/uploads\/2023\/07\/2022-PPC-05-Contemplacao-II.-Acrilica-sobre-papel-canson-410x297mm-300g.-1372x2048.jpg 1372w, https:\/\/carranzapoetrypaintings.art.br\/wp-content\/uploads\/2023\/07\/2022-PPC-05-Contemplacao-II.-Acrilica-sobre-papel-canson-410x297mm-300g.-8x12.jpg 8w, https:\/\/carranzapoetrypaintings.art.br\/wp-content\/uploads\/2023\/07\/2022-PPC-05-Contemplacao-II.-Acrilica-sobre-papel-canson-410x297mm-300g.-scaled.jpg 1715w\" sizes=\"(max-width: 686px) 100vw, 686px\" \/><\/a><\/figure>\n\n\n\n<p class=\"has-black-color has-text-color\"><strong>Contemplation II<\/strong><\/p>\n\n\n\n<p class=\"has-text-color\" style=\"color:#9d9d9d\">Year: 2022<\/p>\n\n\n\n<p class=\"has-text-color\" style=\"color:#9d9d9d\">Technique: Acrylic on paper, 300g<\/p>\n\n\n\n<p class=\"has-text-color\" style=\"color:#9d9d9d\">Dimensions: 42 x 29.7 cm<\/p>\n\n\n\n<div class=\"wp-block-buttons is-layout-flex wp-block-buttons-is-layout-flex\">\n<div class=\"wp-block-button\"><a class=\"wp-block-button__link has-white-color has-text-color has-background\" href=\"https:\/\/carranzapoetrypaintings.art.br\/en\/contato\/\" style=\"background-color:#787878\">PURCHASE<\/a><\/div>\n<\/div>\n\n\n\n<p><\/p>\n<\/div><\/li><li class=\"listing-item\"><div class=\"content\">\n<p><\/p>\n\n\n\n<figure class=\"wp-block-image size-large is-resized\"><a href=\"https:\/\/carranzapoetrypaintings.art.br\/wp-content\/uploads\/2023\/07\/2022-PPC-04-Contemplacao-I.-Acrilica-sobre-papel-canson-410x297mm-300g.-scaled.jpg\"><img decoding=\"async\" src=\"https:\/\/carranzapoetrypaintings.art.br\/wp-content\/uploads\/2023\/07\/2022-PPC-04-Contemplacao-I.-Acrilica-sobre-papel-canson-410x297mm-300g.-729x1024.jpg\" alt=\"\" class=\"wp-image-4039\" width=\"643\" srcset=\"https:\/\/carranzapoetrypaintings.art.br\/wp-content\/uploads\/2023\/07\/2022-PPC-04-Contemplacao-I.-Acrilica-sobre-papel-canson-410x297mm-300g.-729x1024.jpg 729w, https:\/\/carranzapoetrypaintings.art.br\/wp-content\/uploads\/2023\/07\/2022-PPC-04-Contemplacao-I.-Acrilica-sobre-papel-canson-410x297mm-300g.-214x300.jpg 214w, https:\/\/carranzapoetrypaintings.art.br\/wp-content\/uploads\/2023\/07\/2022-PPC-04-Contemplacao-I.-Acrilica-sobre-papel-canson-410x297mm-300g.-768x1078.jpg 768w, https:\/\/carranzapoetrypaintings.art.br\/wp-content\/uploads\/2023\/07\/2022-PPC-04-Contemplacao-I.-Acrilica-sobre-papel-canson-410x297mm-300g.-1094x1536.jpg 1094w, https:\/\/carranzapoetrypaintings.art.br\/wp-content\/uploads\/2023\/07\/2022-PPC-04-Contemplacao-I.-Acrilica-sobre-papel-canson-410x297mm-300g.-1459x2048.jpg 1459w, https:\/\/carranzapoetrypaintings.art.br\/wp-content\/uploads\/2023\/07\/2022-PPC-04-Contemplacao-I.-Acrilica-sobre-papel-canson-410x297mm-300g.-9x12.jpg 9w, https:\/\/carranzapoetrypaintings.art.br\/wp-content\/uploads\/2023\/07\/2022-PPC-04-Contemplacao-I.-Acrilica-sobre-papel-canson-410x297mm-300g.-scaled.jpg 1823w\" sizes=\"(max-width: 729px) 100vw, 729px\" \/><\/a><\/figure>\n\n\n\n<p class=\"has-black-color has-text-color\"><strong>Contemplation I<\/strong><\/p>\n\n\n\n<p class=\"has-text-color\" style=\"color:#9d9d9d\">Year: 2022<\/p>\n\n\n\n<p class=\"has-text-color\" style=\"color:#9d9d9d\">Technique: Acrylic on paper, 300g<\/p>\n\n\n\n<p class=\"has-text-color\" style=\"color:#9d9d9d\">Dimensions: 42 x 29.7 cm<\/p>\n\n\n\n<div class=\"wp-block-buttons is-layout-flex wp-block-buttons-is-layout-flex\">\n<div class=\"wp-block-button\"><a class=\"wp-block-button__link has-white-color has-text-color has-background\" href=\"https:\/\/carranzapoetrypaintings.art.br\/en\/contato\/\" style=\"background-color:#787878\">PURCHASE<\/a><\/div>\n<\/div>\n\n\n\n<p><\/p>\n<\/div><\/li><\/ul><\/span><br><\/h2>\t\t\t\t\t\t\t\t<\/div>\n\t\t\t\t<\/div>\n\t\t\t\t\t<\/div>\n\t\t<\/div>\n\t\t\t\t\t<\/div>\n\t\t<\/section>\n\t\t\t\t<\/div>","protected":false},"excerpt":{"rendered":"<p>CONTEMPLATION<\/p>","protected":false},"author":2,"featured_media":0,"parent":0,"menu_order":0,"comment_status":"closed","ping_status":"closed","template":"","meta":{"site-sidebar-layout":"default","site-content-layout":"","ast-site-content-layout":"default","site-content-style":"default","site-sidebar-style":"default","ast-global-header-display":"","ast-banner-title-visibility":"","ast-main-header-display":"","ast-hfb-above-header-display":"","ast-hfb-below-header-display":"","ast-hfb-mobile-header-display":"","site-post-title":"","ast-breadcrumbs-content":"","ast-featured-img":"","footer-sml-layout":"","ast-disable-related-posts":"","theme-transparent-header-meta":"","adv-header-id-meta":"","stick-header-meta":"","header-above-stick-meta":"","header-main-stick-meta":"","header-below-stick-meta":"","astra-migrate-meta-layouts":"default","ast-page-background-enabled":"default","ast-page-background-meta":{"desktop":{"background-color":"var(--ast-global-color-5)","background-image":"","background-repeat":"repeat","background-position":"center center","background-size":"auto","background-attachment":"scroll","background-type":"","background-media":"","overlay-type":"","overlay-color":"","overlay-opacity":"","overlay-gradient":""},"tablet":{"background-color":"","background-image":"","background-repeat":"repeat","background-position":"center center","background-size":"auto","background-attachment":"scroll","background-type":"","background-media":"","overlay-type":"","overlay-color":"","overlay-opacity":"","overlay-gradient":""},"mobile":{"background-color":"","background-image":"","background-repeat":"repeat","background-position":"center center","background-size":"auto","background-attachment":"scroll","background-type":"","background-media":"","overlay-type":"","overlay-color":"","overlay-opacity":"","overlay-gradient":""}},"ast-content-background-meta":{"desktop":{"background-color":"var(--ast-global-color-4)","background-image":"","background-repeat":"repeat","background-position":"center center","background-size":"auto","background-attachment":"scroll","background-type":"","background-media":"","overlay-type":"","overlay-color":"","overlay-opacity":"","overlay-gradient":""},"tablet":{"background-color":"var(--ast-global-color-4)","background-image":"","background-repeat":"repeat","background-position":"center center","background-size":"auto","background-attachment":"scroll","background-type":"","background-media":"","overlay-type":"","overlay-color":"","overlay-opacity":"","overlay-gradient":""},"mobile":{"background-color":"var(--ast-global-color-4)","background-image":"","background-repeat":"repeat","background-position":"center center","background-size":"auto","background-attachment":"scroll","background-type":"","background-media":"","overlay-type":"","overlay-color":"","overlay-opacity":"","overlay-gradient":""}},"footnotes":""},"class_list":["post-2946","page","type-page","status-publish","hentry"],"yoast_head":"<!-- This site is optimized with the Yoast SEO plugin v27.5 - https:\/\/yoast.com\/product\/yoast-seo-wordpress\/ -->\n<title>Contempla\u00e7\u00e3o | Ricardo Carranza<\/title>\n<meta name=\"description\" content=\"Ricardo Carranza \u00e9 pintor, escritor, poeta e arquiteto. Seu trabalho art\u00edstico explora a rela\u00e7\u00e3o entre a express\u00e3o da pintura abstrata e poesia. Mestre em arquitetura e urbanismo pela Universidade de S\u00e3o Paulo, ele tamb\u00e9m foi professor de Arquitetura e Hist\u00f3ria da Arte.\" \/>\n<meta name=\"robots\" content=\"index, follow, max-snippet:-1, max-image-preview:large, max-video-preview:-1\" \/>\n<link rel=\"canonical\" href=\"https:\/\/carranzapoetrypaintings.art.br\/en\/contemplacao\/\" \/>\n<meta property=\"og:locale\" content=\"en_US\" \/>\n<meta property=\"og:type\" content=\"article\" \/>\n<meta property=\"og:title\" content=\"Contempla\u00e7\u00e3o | Ricardo Carranza\" \/>\n<meta property=\"og:description\" content=\"Ricardo Carranza \u00e9 pintor, escritor, poeta e arquiteto. Seu trabalho art\u00edstico explora a rela\u00e7\u00e3o entre a express\u00e3o da pintura abstrata e poesia. Mestre em arquitetura e urbanismo pela Universidade de S\u00e3o Paulo, ele tamb\u00e9m foi professor de Arquitetura e Hist\u00f3ria da Arte.\" \/>\n<meta property=\"og:url\" content=\"https:\/\/carranzapoetrypaintings.art.br\/en\/contemplacao\/\" \/>\n<meta property=\"og:site_name\" content=\"Ricardo Carranza\" \/>\n<meta property=\"article:publisher\" content=\"https:\/\/www.facebook.com\/people\/Ricardo-Carranza\/100001639244000\/\" \/>\n<meta property=\"article:modified_time\" content=\"2023-03-25T15:10:13+00:00\" \/>\n<meta property=\"og:image\" content=\"https:\/\/carranzapoetrypaintings.art.br\/wp-content\/uploads\/2022\/06\/2022-ricardo-carranza-FAVICON.jpg\" \/>\n\t<meta property=\"og:image:width\" content=\"1781\" \/>\n\t<meta property=\"og:image:height\" content=\"1822\" \/>\n\t<meta property=\"og:image:type\" content=\"image\/jpeg\" \/>\n<meta name=\"twitter:card\" content=\"summary_large_image\" \/>\n<meta name=\"twitter:site\" content=\"@carranza1953\" \/>\n<meta name=\"twitter:label1\" content=\"Est. reading time\" \/>\n\t<meta name=\"twitter:data1\" content=\"6 minutes\" \/>\n<script type=\"application\/ld+json\" class=\"yoast-schema-graph\">{\"@context\":\"https:\\\/\\\/schema.org\",\"@graph\":[{\"@type\":\"WebPage\",\"@id\":\"https:\\\/\\\/carranzapoetrypaintings.art.br\\\/contemplacao\\\/\",\"url\":\"https:\\\/\\\/carranzapoetrypaintings.art.br\\\/contemplacao\\\/\",\"name\":\"Contempla\u00e7\u00e3o | Ricardo Carranza\",\"isPartOf\":{\"@id\":\"https:\\\/\\\/carranzapoetrypaintings.art.br\\\/#website\"},\"datePublished\":\"2023-02-14T17:56:31+00:00\",\"dateModified\":\"2023-03-25T15:10:13+00:00\",\"description\":\"Ricardo Carranza \u00e9 pintor, escritor, poeta e arquiteto. Seu trabalho art\u00edstico explora a rela\u00e7\u00e3o entre a express\u00e3o da pintura abstrata e poesia. Mestre em arquitetura e urbanismo pela Universidade de S\u00e3o Paulo, ele tamb\u00e9m foi professor de Arquitetura e Hist\u00f3ria da Arte.\",\"breadcrumb\":{\"@id\":\"https:\\\/\\\/carranzapoetrypaintings.art.br\\\/contemplacao\\\/#breadcrumb\"},\"inLanguage\":\"en-US\",\"potentialAction\":[{\"@type\":\"ReadAction\",\"target\":[\"https:\\\/\\\/carranzapoetrypaintings.art.br\\\/contemplacao\\\/\"]}]},{\"@type\":\"BreadcrumbList\",\"@id\":\"https:\\\/\\\/carranzapoetrypaintings.art.br\\\/contemplacao\\\/#breadcrumb\",\"itemListElement\":[{\"@type\":\"ListItem\",\"position\":1,\"name\":\"In\u00edcio\",\"item\":\"https:\\\/\\\/carranzapoetrypaintings.art.br\\\/\"},{\"@type\":\"ListItem\",\"position\":2,\"name\":\"Contempla\u00e7\u00e3o\"}]},{\"@type\":\"WebSite\",\"@id\":\"https:\\\/\\\/carranzapoetrypaintings.art.br\\\/#website\",\"url\":\"https:\\\/\\\/carranzapoetrypaintings.art.br\\\/\",\"name\":\"Ricardo Carranza\",\"description\":\"\",\"publisher\":{\"@id\":\"https:\\\/\\\/carranzapoetrypaintings.art.br\\\/#organization\"},\"potentialAction\":[{\"@type\":\"SearchAction\",\"target\":{\"@type\":\"EntryPoint\",\"urlTemplate\":\"https:\\\/\\\/carranzapoetrypaintings.art.br\\\/?s={search_term_string}\"},\"query-input\":{\"@type\":\"PropertyValueSpecification\",\"valueRequired\":true,\"valueName\":\"search_term_string\"}}],\"inLanguage\":\"en-US\"},{\"@type\":\"Organization\",\"@id\":\"https:\\\/\\\/carranzapoetrypaintings.art.br\\\/#organization\",\"name\":\"Ricardo Carranza\",\"url\":\"https:\\\/\\\/carranzapoetrypaintings.art.br\\\/\",\"logo\":{\"@type\":\"ImageObject\",\"inLanguage\":\"en-US\",\"@id\":\"https:\\\/\\\/carranzapoetrypaintings.art.br\\\/#\\\/schema\\\/logo\\\/image\\\/\",\"url\":\"https:\\\/\\\/carranzapoetrypaintings.art.br\\\/wp-content\\\/uploads\\\/2022\\\/06\\\/2022-ricardo-carranza-FAVICON.jpg\",\"contentUrl\":\"https:\\\/\\\/carranzapoetrypaintings.art.br\\\/wp-content\\\/uploads\\\/2022\\\/06\\\/2022-ricardo-carranza-FAVICON.jpg\",\"width\":1781,\"height\":1822,\"caption\":\"Ricardo Carranza\"},\"image\":{\"@id\":\"https:\\\/\\\/carranzapoetrypaintings.art.br\\\/#\\\/schema\\\/logo\\\/image\\\/\"},\"sameAs\":[\"https:\\\/\\\/www.facebook.com\\\/people\\\/Ricardo-Carranza\\\/100001639244000\\\/\",\"https:\\\/\\\/x.com\\\/carranza1953\",\"https:\\\/\\\/instagram.com\\\/ricardo.carranza53\"]}]}<\/script>\n<!-- \/ Yoast SEO plugin. -->","yoast_head_json":{"title":"Contempla\u00e7\u00e3o | Ricardo Carranza","description":"Ricardo Carranza \u00e9 pintor, escritor, poeta e arquiteto. Seu trabalho art\u00edstico explora a rela\u00e7\u00e3o entre a express\u00e3o da pintura abstrata e poesia. Mestre em arquitetura e urbanismo pela Universidade de S\u00e3o Paulo, ele tamb\u00e9m foi professor de Arquitetura e Hist\u00f3ria da Arte.","robots":{"index":"index","follow":"follow","max-snippet":"max-snippet:-1","max-image-preview":"max-image-preview:large","max-video-preview":"max-video-preview:-1"},"canonical":"https:\/\/carranzapoetrypaintings.art.br\/en\/contemplacao\/","og_locale":"en_US","og_type":"article","og_title":"Contempla\u00e7\u00e3o | Ricardo Carranza","og_description":"Ricardo Carranza \u00e9 pintor, escritor, poeta e arquiteto. Seu trabalho art\u00edstico explora a rela\u00e7\u00e3o entre a express\u00e3o da pintura abstrata e poesia. Mestre em arquitetura e urbanismo pela Universidade de S\u00e3o Paulo, ele tamb\u00e9m foi professor de Arquitetura e Hist\u00f3ria da Arte.","og_url":"https:\/\/carranzapoetrypaintings.art.br\/en\/contemplacao\/","og_site_name":"Ricardo Carranza","article_publisher":"https:\/\/www.facebook.com\/people\/Ricardo-Carranza\/100001639244000\/","article_modified_time":"2023-03-25T15:10:13+00:00","og_image":[{"width":1781,"height":1822,"url":"https:\/\/carranzapoetrypaintings.art.br\/wp-content\/uploads\/2022\/06\/2022-ricardo-carranza-FAVICON.jpg","type":"image\/jpeg"}],"twitter_card":"summary_large_image","twitter_site":"@carranza1953","twitter_misc":{"Est. reading time":"6 minutes"},"schema":{"@context":"https:\/\/schema.org","@graph":[{"@type":"WebPage","@id":"https:\/\/carranzapoetrypaintings.art.br\/contemplacao\/","url":"https:\/\/carranzapoetrypaintings.art.br\/contemplacao\/","name":"Contempla\u00e7\u00e3o | Ricardo Carranza","isPartOf":{"@id":"https:\/\/carranzapoetrypaintings.art.br\/#website"},"datePublished":"2023-02-14T17:56:31+00:00","dateModified":"2023-03-25T15:10:13+00:00","description":"Ricardo Carranza \u00e9 pintor, escritor, poeta e arquiteto. Seu trabalho art\u00edstico explora a rela\u00e7\u00e3o entre a express\u00e3o da pintura abstrata e poesia. Mestre em arquitetura e urbanismo pela Universidade de S\u00e3o Paulo, ele tamb\u00e9m foi professor de Arquitetura e Hist\u00f3ria da Arte.","breadcrumb":{"@id":"https:\/\/carranzapoetrypaintings.art.br\/contemplacao\/#breadcrumb"},"inLanguage":"en-US","potentialAction":[{"@type":"ReadAction","target":["https:\/\/carranzapoetrypaintings.art.br\/contemplacao\/"]}]},{"@type":"BreadcrumbList","@id":"https:\/\/carranzapoetrypaintings.art.br\/contemplacao\/#breadcrumb","itemListElement":[{"@type":"ListItem","position":1,"name":"In\u00edcio","item":"https:\/\/carranzapoetrypaintings.art.br\/"},{"@type":"ListItem","position":2,"name":"Contempla\u00e7\u00e3o"}]},{"@type":"WebSite","@id":"https:\/\/carranzapoetrypaintings.art.br\/#website","url":"https:\/\/carranzapoetrypaintings.art.br\/","name":"Ricardo Carranza","description":"","publisher":{"@id":"https:\/\/carranzapoetrypaintings.art.br\/#organization"},"potentialAction":[{"@type":"SearchAction","target":{"@type":"EntryPoint","urlTemplate":"https:\/\/carranzapoetrypaintings.art.br\/?s={search_term_string}"},"query-input":{"@type":"PropertyValueSpecification","valueRequired":true,"valueName":"search_term_string"}}],"inLanguage":"en-US"},{"@type":"Organization","@id":"https:\/\/carranzapoetrypaintings.art.br\/#organization","name":"Ricardo Carranza","url":"https:\/\/carranzapoetrypaintings.art.br\/","logo":{"@type":"ImageObject","inLanguage":"en-US","@id":"https:\/\/carranzapoetrypaintings.art.br\/#\/schema\/logo\/image\/","url":"https:\/\/carranzapoetrypaintings.art.br\/wp-content\/uploads\/2022\/06\/2022-ricardo-carranza-FAVICON.jpg","contentUrl":"https:\/\/carranzapoetrypaintings.art.br\/wp-content\/uploads\/2022\/06\/2022-ricardo-carranza-FAVICON.jpg","width":1781,"height":1822,"caption":"Ricardo Carranza"},"image":{"@id":"https:\/\/carranzapoetrypaintings.art.br\/#\/schema\/logo\/image\/"},"sameAs":["https:\/\/www.facebook.com\/people\/Ricardo-Carranza\/100001639244000\/","https:\/\/x.com\/carranza1953","https:\/\/instagram.com\/ricardo.carranza53"]}]}},"_links":{"self":[{"href":"https:\/\/carranzapoetrypaintings.art.br\/en\/wp-json\/wp\/v2\/pages\/2946","targetHints":{"allow":["GET"]}}],"collection":[{"href":"https:\/\/carranzapoetrypaintings.art.br\/en\/wp-json\/wp\/v2\/pages"}],"about":[{"href":"https:\/\/carranzapoetrypaintings.art.br\/en\/wp-json\/wp\/v2\/types\/page"}],"author":[{"embeddable":true,"href":"https:\/\/carranzapoetrypaintings.art.br\/en\/wp-json\/wp\/v2\/users\/2"}],"replies":[{"embeddable":true,"href":"https:\/\/carranzapoetrypaintings.art.br\/en\/wp-json\/wp\/v2\/comments?post=2946"}],"version-history":[{"count":34,"href":"https:\/\/carranzapoetrypaintings.art.br\/en\/wp-json\/wp\/v2\/pages\/2946\/revisions"}],"predecessor-version":[{"id":3616,"href":"https:\/\/carranzapoetrypaintings.art.br\/en\/wp-json\/wp\/v2\/pages\/2946\/revisions\/3616"}],"wp:attachment":[{"href":"https:\/\/carranzapoetrypaintings.art.br\/en\/wp-json\/wp\/v2\/media?parent=2946"}],"curies":[{"name":"wp","href":"https:\/\/api.w.org\/{rel}","templated":true}]}}